{"id":237,"date":"2023-04-11T14:46:36","date_gmt":"2023-04-11T14:46:36","guid":{"rendered":"https:\/\/mariapien.com.ar\/?page_id=237"},"modified":"2023-04-21T03:55:15","modified_gmt":"2023-04-21T03:55:15","slug":"musica","status":"publish","type":"page","link":"https:\/\/mariapien.com.ar\/index.php\/musica\/","title":{"rendered":"M\u00fasica"},"content":{"rendered":"<p>[et_pb_section fb_built=&#8221;1&#8243; _builder_version=&#8221;4.18.0&#8243; _module_preset=&#8221;default&#8221; da_disable_devices=&#8221;off|off|off&#8221; global_colors_info=&#8221;{}&#8221; da_is_popup=&#8221;off&#8221; da_exit_intent=&#8221;off&#8221; da_has_close=&#8221;on&#8221; da_alt_close=&#8221;off&#8221; da_dark_close=&#8221;off&#8221; da_not_modal=&#8221;on&#8221; da_is_singular=&#8221;off&#8221; da_with_loader=&#8221;off&#8221; da_has_shadow=&#8221;on&#8221;][et_pb_row column_structure=&#8221;1_3,1_3,1_3&#8243; make_equal=&#8221;on&#8221; _builder_version=&#8221;4.18.0&#8243; _module_preset=&#8221;default&#8221; global_colors_info=&#8221;{}&#8221;][et_pb_column type=&#8221;1_3&#8243; _builder_version=&#8221;4.18.0&#8243; _module_preset=&#8221;default&#8221; global_colors_info=&#8221;{}&#8221;][et_pb_image src=&#8221;https:\/\/mariapien.com.ar\/wp-content\/uploads\/2023\/04\/Otrovals.jpeg&#8221; title_text=&#8221;Otrovals&#8221; _builder_version=&#8221;4.18.0&#8243; _module_preset=&#8221;default&#8221; custom_margin=&#8221;||15px||false|false&#8221; global_colors_info=&#8221;{}&#8221;][\/et_pb_image][et_pb_code _builder_version=&#8221;4.18.0&#8243; _module_preset=&#8221;default&#8221; custom_margin=&#8221;||10px||false|false&#8221; global_colors_info=&#8221;{}&#8221;]<iframe style=\"border: 0; width: 100%; height: 120px;\" src=\"https:\/\/bandcamp.com\/EmbeddedPlayer\/track=3083740089\/size=large\/bgcol=ffffff\/linkcol=0687f5\/tracklist=false\/artwork=none\/transparent=true\/\" seamless><a href=\"https:\/\/mariapien.bandcamp.com\/track\/otro-vals\">Otro Vals by Mar\u00eda Pien<\/a><\/iframe>[\/et_pb_code][et_pb_text _builder_version=&#8221;4.18.0&#8243; _module_preset=&#8221;default&#8221; text_font=&#8221;EB Garamond||||||||&#8221; custom_margin=&#8221;||17px||false|false&#8221; global_colors_info=&#8221;{}&#8221;]<\/p>\n<p><strong>Otro Vals <\/strong><\/p>\n<p>Segundo adelanto de Recordar\/Volver a pasar<\/p>\n<p>[\/et_pb_text][et_pb_button button_url=&#8221;#&#8221; button_text=&#8221;letra&#8221; button_alignment=&#8221;left&#8221; module_id=&#8221;otrovals&#8221; module_class=&#8221;otrovals&#8221; _builder_version=&#8221;4.18.0&#8243; _module_preset=&#8221;default&#8221; custom_button=&#8221;on&#8221; button_text_size=&#8221;14px&#8221; button_text_color=&#8221;#FFFFFF&#8221; button_bg_color=&#8221;#000000&#8243; button_border_width=&#8221;0px&#8221; button_border_radius=&#8221;24px&#8221; button_font=&#8221;Roboto||||||||&#8221; button_icon_color=&#8221;#FFFFFF&#8221; locked=&#8221;off&#8221; global_colors_info=&#8221;{}&#8221; button_bg_color__hover_enabled=&#8221;on|desktop&#8221; button_text_color__hover_enabled=&#8221;on|desktop&#8221; button_bg_color__hover=&#8221;#000000&#8243; button_bg_enable_color__hover=&#8221;on&#8221; button_icon_color__hover_enabled=&#8221;on|hover&#8221; button_icon_color__hover=&#8221;#FFFFFF&#8221; button_text_color__hover=&#8221;#FFFFFF&#8221; button_border_width__hover_enabled=&#8221;off|desktop&#8221;][\/et_pb_button][\/et_pb_column][et_pb_column type=&#8221;1_3&#8243; _builder_version=&#8221;4.18.0&#8243; _module_preset=&#8221;default&#8221; global_colors_info=&#8221;{}&#8221;][et_pb_image src=&#8221;https:\/\/mariapien.com.ar\/wp-content\/uploads\/2023\/04\/Uminuto.jpeg&#8221; title_text=&#8221;Uminuto&#8221; _builder_version=&#8221;4.18.0&#8243; _module_preset=&#8221;default&#8221; custom_margin=&#8221;||15px||false|false&#8221; global_colors_info=&#8221;{}&#8221;][\/et_pb_image][et_pb_code _builder_version=&#8221;4.18.0&#8243; _module_preset=&#8221;default&#8221; custom_margin=&#8221;||10px||false|false&#8221; global_colors_info=&#8221;{}&#8221;]<iframe style=\"border: 0; width: 100%; height: 120px;\" src=\"https:\/\/bandcamp.com\/EmbeddedPlayer\/album=3268335013\/size=large\/bgcol=ffffff\/linkcol=0687f5\/tracklist=false\/artwork=none\/transparent=true\/\" seamless><a href=\"https:\/\/mariapien.bandcamp.com\/album\/un-minuto\">Un minuto by Mar\u00eda Pien<\/a><\/iframe>[\/et_pb_code][et_pb_text _builder_version=&#8221;4.18.0&#8243; _module_preset=&#8221;default&#8221; text_font=&#8221;EB Garamond||||||||&#8221; custom_margin=&#8221;||17px||false|false&#8221; global_colors_info=&#8221;{}&#8221;]<\/p>\n<p><strong>Un minuto<\/strong><\/p>\n<p>Primer adelanto de Recordar\/Volver a pasar<\/p>\n<p>[\/et_pb_text][et_pb_button button_url=&#8221;#&#8221; button_text=&#8221;letra&#8221; button_alignment=&#8221;left&#8221; module_id=&#8221;unminuto&#8221; module_class=&#8221;unminuto&#8221; _builder_version=&#8221;4.18.0&#8243; _module_preset=&#8221;default&#8221; custom_button=&#8221;on&#8221; button_text_size=&#8221;14px&#8221; button_text_color=&#8221;#FFFFFF&#8221; button_bg_color=&#8221;#000000&#8243; button_border_width=&#8221;0px&#8221; button_border_radius=&#8221;24px&#8221; button_font=&#8221;Roboto||||||||&#8221; button_icon_color=&#8221;#FFFFFF&#8221; locked=&#8221;off&#8221; global_colors_info=&#8221;{}&#8221; button_bg_color__hover_enabled=&#8221;on|desktop&#8221; button_text_color__hover_enabled=&#8221;on|desktop&#8221; button_bg_color__hover=&#8221;#000000&#8243; button_bg_enable_color__hover=&#8221;on&#8221; button_icon_color__hover_enabled=&#8221;on|hover&#8221; button_icon_color__hover=&#8221;#FFFFFF&#8221; button_text_color__hover=&#8221;#FFFFFF&#8221; button_border_width__hover_enabled=&#8221;off|desktop&#8221;][\/et_pb_button][\/et_pb_column][et_pb_column type=&#8221;1_3&#8243; _builder_version=&#8221;4.18.0&#8243; _module_preset=&#8221;default&#8221; global_colors_info=&#8221;{}&#8221;][et_pb_image src=&#8221;https:\/\/mariapien.com.ar\/wp-content\/uploads\/2023\/04\/Unapelicula.jpeg&#8221; title_text=&#8221;Unapelicula&#8221; _builder_version=&#8221;4.18.0&#8243; _module_preset=&#8221;default&#8221; custom_margin=&#8221;||15px||false|false&#8221; global_colors_info=&#8221;{}&#8221;][\/et_pb_image][et_pb_code _builder_version=&#8221;4.18.0&#8243; _module_preset=&#8221;default&#8221; custom_margin=&#8221;||10px||false|false&#8221; global_colors_info=&#8221;{}&#8221;]<iframe style=\"border: 0; width: 100%; height: 120px;\" src=\"https:\/\/bandcamp.com\/EmbeddedPlayer\/album=3450935467\/size=large\/bgcol=ffffff\/linkcol=0687f5\/tracklist=false\/artwork=none\/transparent=true\/\" seamless><a href=\"https:\/\/mariapien.bandcamp.com\/album\/una-pel-cula\">Una pel\u00edcula by Mar\u00eda Pien<\/a><\/iframe>[\/et_pb_code][et_pb_text _builder_version=&#8221;4.18.0&#8243; _module_preset=&#8221;default&#8221; text_font=&#8221;EB Garamond||||||||&#8221; custom_margin=&#8221;||17px||false|false&#8221; global_colors_info=&#8221;{}&#8221;]<\/p>\n<p><strong>Una Pel\u00edcula (EP, 2020)<\/strong><\/p>\n<p><span style=\"font-weight: 400;\">Una breve exploraci\u00f3n en torno a lo visible y lo no-visible, a nivel personal (por ejemplo en la dificultad de vincularnos desde nuestros espacios no-mirados) y colectivo (por ejemplo en cuanto a las urgencias que en este momento de la humanidad piden ser vistas, y la necesidad de atravesar el dolor que implica hacerlo). Grabado y producido por m\u00ed y junto a Guli (la canci\u00f3n<\/span> <span style=\"font-weight: 400;\">\u201cUna pel\u00edcula&#8221;) en La Alfombra M\u00e1gica, y mezclado y masterizado por Guli, durante los primeros meses de la cuarentena.\u00a0<\/span><\/p>\n<p>[\/et_pb_text][et_pb_button button_url=&#8221;#&#8221; button_text=&#8221;letras&#8221; button_alignment=&#8221;left&#8221; module_id=&#8221;unapelicula&#8221; module_class=&#8221;unapelicula&#8221; _builder_version=&#8221;4.18.0&#8243; _module_preset=&#8221;default&#8221; custom_button=&#8221;on&#8221; button_text_size=&#8221;14px&#8221; button_text_color=&#8221;#FFFFFF&#8221; button_bg_color=&#8221;#000000&#8243; button_border_width=&#8221;0px&#8221; button_border_radius=&#8221;24px&#8221; button_font=&#8221;Roboto||||||||&#8221; button_icon_color=&#8221;#FFFFFF&#8221; locked=&#8221;off&#8221; global_colors_info=&#8221;{}&#8221; button_bg_color__hover_enabled=&#8221;on|desktop&#8221; button_text_color__hover_enabled=&#8221;on|desktop&#8221; button_bg_color__hover=&#8221;#000000&#8243; button_bg_enable_color__hover=&#8221;on&#8221; button_icon_color__hover_enabled=&#8221;on|hover&#8221; button_icon_color__hover=&#8221;#FFFFFF&#8221; button_text_color__hover=&#8221;#FFFFFF&#8221; button_border_width__hover_enabled=&#8221;off|desktop&#8221;][\/et_pb_button][\/et_pb_column][\/et_pb_row][et_pb_row column_structure=&#8221;1_3,1_3,1_3&#8243; make_equal=&#8221;on&#8221; _builder_version=&#8221;4.18.0&#8243; _module_preset=&#8221;default&#8221; global_colors_info=&#8221;{}&#8221;][et_pb_column type=&#8221;1_3&#8243; _builder_version=&#8221;4.18.0&#8243; _module_preset=&#8221;default&#8221; global_colors_info=&#8221;{}&#8221;][et_pb_image src=&#8221;https:\/\/mariapien.com.ar\/wp-content\/uploads\/2023\/04\/porcadaunx.jpeg&#8221; title_text=&#8221;porcadaunx&#8221; _builder_version=&#8221;4.18.0&#8243; _module_preset=&#8221;default&#8221; custom_margin=&#8221;||15px||false|false&#8221; global_colors_info=&#8221;{}&#8221;][\/et_pb_image][et_pb_code _builder_version=&#8221;4.18.0&#8243; _module_preset=&#8221;default&#8221; custom_margin=&#8221;||10px||false|false&#8221; global_colors_info=&#8221;{}&#8221;]<iframe style=\"border: 0; width: 100%; height: 120px;\" src=\"https:\/\/bandcamp.com\/EmbeddedPlayer\/track=2850429091\/size=large\/bgcol=ffffff\/linkcol=0687f5\/tracklist=false\/artwork=none\/transparent=true\/\" seamless><a href=\"https:\/\/mariapien.bandcamp.com\/track\/por-cada-unx\">Por Cada Unx by Mar\u00eda Pien<\/a><\/iframe>[\/et_pb_code][et_pb_text _builder_version=&#8221;4.18.0&#8243; _module_preset=&#8221;default&#8221; text_font=&#8221;EB Garamond||||||||&#8221; custom_margin=&#8221;||17px||false|false&#8221; global_colors_info=&#8221;{}&#8221;]<\/p>\n<p><strong>Por Cada Unx (2020)<\/strong><\/p>\n<p><span style=\"font-weight: 400;\">Esta canci\u00f3n fue compuesta especialmente para el disco &#8220;Mala Reputaci\u00f3n: Latfem presenta una memoria feminista en canci\u00f3n&#8221;. Est\u00e1 dedicada con admiraci\u00f3n y cari\u00f1o a Ariell Carolina Fernanda Luj\u00e1n y a todes les sobrevivientes ex-v\u00edctimas de abusos. Grabada y mezclada por Ro Pradines en Estudio \u00c1tomo, y con Chipi Rud y yo en guitarras, Lu Pivetta en bajo, Shimi \u00c1lvarez Cela en teclados, y Melanie Williams en bater\u00eda. <\/span><\/p>\n<p>[\/et_pb_text][et_pb_button button_url=&#8221;#&#8221; button_text=&#8221;letra&#8221; button_alignment=&#8221;left&#8221; module_id=&#8221;porcadaunx&#8221; module_class=&#8221;porcadaunx&#8221; _builder_version=&#8221;4.18.0&#8243; _module_preset=&#8221;default&#8221; custom_button=&#8221;on&#8221; button_text_size=&#8221;14px&#8221; button_text_color=&#8221;#FFFFFF&#8221; button_bg_color=&#8221;#000000&#8243; button_border_width=&#8221;0px&#8221; button_border_radius=&#8221;24px&#8221; button_font=&#8221;Roboto||||||||&#8221; button_icon_color=&#8221;#FFFFFF&#8221; locked=&#8221;off&#8221; global_colors_info=&#8221;{}&#8221; button_bg_color__hover_enabled=&#8221;on|desktop&#8221; button_text_color__hover_enabled=&#8221;on|desktop&#8221; button_bg_color__hover=&#8221;#000000&#8243; button_bg_enable_color__hover=&#8221;on&#8221; button_icon_color__hover_enabled=&#8221;on|hover&#8221; button_icon_color__hover=&#8221;#FFFFFF&#8221; button_text_color__hover=&#8221;#FFFFFF&#8221; button_border_width__hover_enabled=&#8221;off|desktop&#8221;][\/et_pb_button][\/et_pb_column][et_pb_column type=&#8221;1_3&#8243; _builder_version=&#8221;4.18.0&#8243; _module_preset=&#8221;default&#8221; global_colors_info=&#8221;{}&#8221;][et_pb_image src=&#8221;https:\/\/mariapien.com.ar\/wp-content\/uploads\/2023\/04\/afuerabonus.jpeg&#8221; title_text=&#8221;afuerabonus&#8221; _builder_version=&#8221;4.18.0&#8243; _module_preset=&#8221;default&#8221; custom_margin=&#8221;||15px||false|false&#8221; global_colors_info=&#8221;{}&#8221;][\/et_pb_image][et_pb_code _builder_version=&#8221;4.18.0&#8243; _module_preset=&#8221;default&#8221; custom_margin=&#8221;||10px||false|false&#8221; global_colors_info=&#8221;{}&#8221;]<iframe style=\"border: 0; width: 100%; height: 120px;\" src=\"https:\/\/bandcamp.com\/EmbeddedPlayer\/album=3769181740\/size=large\/bgcol=ffffff\/linkcol=0687f5\/tracklist=false\/artwork=none\/transparent=true\/\" seamless><a href=\"https:\/\/mariapien.bandcamp.com\/album\/afuera-el-sol-estalla-bonus-trax\">Afuera el Sol Estalla: Bonus Trax by Mar\u00eda Pien<\/a><\/iframe>[\/et_pb_code][et_pb_text _builder_version=&#8221;4.18.0&#8243; _module_preset=&#8221;default&#8221; text_font=&#8221;EB Garamond||||||||&#8221; custom_margin=&#8221;||17px||false|false&#8221; global_colors_info=&#8221;{}&#8221;]<\/p>\n<p><strong>Afuera el Sol Estalla: Bonus Trax (2018)<\/strong><\/p>\n<p><span style=\"font-weight: 400;\">Dos versiones m\u00e1s de temas que amamos, porque s\u00ed. <\/span><i><span style=\"font-weight: 400;\">Canci\u00f3n para los d\u00edas de la vida<\/span><\/i><span style=\"font-weight: 400;\"> (LAS) con arreglo para cello de Bruno D\u2019Ambrosio, y <\/span><i><span style=\"font-weight: 400;\">La p\u00e1jara pinta <\/span><\/i><span style=\"font-weight: 400;\">(MEW), con arreglo para casiotone de Matius Salerno. Obviamente el criterio de selecci\u00f3n fue que les compositores hayan nacido bajo el signo de Acuario.<\/span><\/p>\n<p>[\/et_pb_text][et_pb_button button_url=&#8221;#&#8221; button_text=&#8221;letras&#8221; button_alignment=&#8221;left&#8221; module_id=&#8221;afueraelsolestallabonus&#8221; module_class=&#8221;afueraelsolestallabonus&#8221; _builder_version=&#8221;4.18.0&#8243; _module_preset=&#8221;default&#8221; custom_button=&#8221;on&#8221; button_text_size=&#8221;14px&#8221; button_text_color=&#8221;#FFFFFF&#8221; button_bg_color=&#8221;#000000&#8243; button_border_width=&#8221;0px&#8221; button_border_radius=&#8221;24px&#8221; button_font=&#8221;Roboto||||||||&#8221; button_icon_color=&#8221;#FFFFFF&#8221; hover_enabled=&#8221;0&#8243; locked=&#8221;off&#8221; global_colors_info=&#8221;{}&#8221; button_bg_color__hover_enabled=&#8221;on|desktop&#8221; button_text_color__hover_enabled=&#8221;on|desktop&#8221; button_bg_color__hover=&#8221;#000000&#8243; button_bg_enable_color__hover=&#8221;on&#8221; button_icon_color__hover_enabled=&#8221;on|hover&#8221; button_icon_color__hover=&#8221;#FFFFFF&#8221; button_text_color__hover=&#8221;#FFFFFF&#8221; button_border_width__hover_enabled=&#8221;off|desktop&#8221; sticky_enabled=&#8221;0&#8243;][\/et_pb_button][\/et_pb_column][et_pb_column type=&#8221;1_3&#8243; _builder_version=&#8221;4.18.0&#8243; _module_preset=&#8221;default&#8221; global_colors_info=&#8221;{}&#8221;][et_pb_image src=&#8221;https:\/\/mariapien.com.ar\/wp-content\/uploads\/2023\/04\/afuera.jpeg&#8221; title_text=&#8221;afuera&#8221; _builder_version=&#8221;4.18.0&#8243; _module_preset=&#8221;default&#8221; custom_margin=&#8221;||15px||false|false&#8221; global_colors_info=&#8221;{}&#8221;][\/et_pb_image][et_pb_code _builder_version=&#8221;4.18.0&#8243; _module_preset=&#8221;default&#8221; custom_margin=&#8221;||10px||false|false&#8221; global_colors_info=&#8221;{}&#8221;]<iframe style=\"border: 0; width: 100%; height: 120px;\" src=\"https:\/\/bandcamp.com\/EmbeddedPlayer\/album=308907783\/size=large\/bgcol=ffffff\/linkcol=0687f5\/tracklist=false\/artwork=none\/transparent=true\/\" seamless><a href=\"https:\/\/mariapien.bandcamp.com\/album\/afuera-el-sol-estalla\">Afuera el Sol Estalla by Mar\u00eda Pien<\/a><\/iframe>[\/et_pb_code][et_pb_text _builder_version=&#8221;4.18.0&#8243; _module_preset=&#8221;default&#8221; text_font=&#8221;EB Garamond||||||||&#8221; custom_margin=&#8221;||17px||false|false&#8221; global_colors_info=&#8221;{}&#8221;]<\/p>\n<p><strong>Afuera el Sol Estalla (2018)<\/strong><\/p>\n<p><span style=\"font-weight: 400;\">Un disco de versiones, producido y grabado por Guli Bucich y por m\u00ed en La Alfombra M\u00e1gica, y mezclado y masterizado por Guli. Quisimos que suene como si lo hubieras encontrado en una caja en alg\u00fan s\u00f3tano, perdido desde otro tiempo. Compuesto en su mayor\u00eda por canciones de otras autoras y autores (13 de las 14), amigues y colegas que est\u00e1n en plena actividad hoy, <\/span><i><span style=\"font-weight: 400;\">AESE<\/span><\/i><span style=\"font-weight: 400;\"> es una foto posible de mi ecosistema cancionero. <\/span><\/p>\n<p>[\/et_pb_text][et_pb_button button_url=&#8221;#&#8221; button_text=&#8221;letras&#8221; button_alignment=&#8221;left&#8221; module_id=&#8221;afueraelsolestalla&#8221; module_class=&#8221;afueraelsolestalla&#8221; _builder_version=&#8221;4.18.0&#8243; _module_preset=&#8221;default&#8221; custom_button=&#8221;on&#8221; button_text_size=&#8221;14px&#8221; button_text_color=&#8221;#FFFFFF&#8221; button_bg_color=&#8221;#000000&#8243; button_border_width=&#8221;0px&#8221; button_border_radius=&#8221;24px&#8221; button_font=&#8221;Roboto||||||||&#8221; button_icon_color=&#8221;#FFFFFF&#8221; locked=&#8221;off&#8221; global_colors_info=&#8221;{}&#8221; button_bg_color__hover_enabled=&#8221;on|desktop&#8221; button_text_color__hover_enabled=&#8221;on|desktop&#8221; button_bg_color__hover=&#8221;#000000&#8243; button_bg_enable_color__hover=&#8221;on&#8221; button_icon_color__hover_enabled=&#8221;on|hover&#8221; button_icon_color__hover=&#8221;#FFFFFF&#8221; button_text_color__hover=&#8221;#FFFFFF&#8221; button_border_width__hover_enabled=&#8221;off|desktop&#8221;][\/et_pb_button][\/et_pb_column][\/et_pb_row][et_pb_row column_structure=&#8221;1_3,1_3,1_3&#8243; make_equal=&#8221;on&#8221; _builder_version=&#8221;4.18.0&#8243; _module_preset=&#8221;default&#8221; global_colors_info=&#8221;{}&#8221;][et_pb_column type=&#8221;1_3&#8243; _builder_version=&#8221;4.18.0&#8243; _module_preset=&#8221;default&#8221; global_colors_info=&#8221;{}&#8221;][et_pb_image src=&#8221;https:\/\/mariapien.com.ar\/wp-content\/uploads\/2023\/04\/a1656607887_10.jpeg&#8221; title_text=&#8221;a1656607887_10&#8243; _builder_version=&#8221;4.18.0&#8243; _module_preset=&#8221;default&#8221; custom_margin=&#8221;||15px||false|false&#8221; global_colors_info=&#8221;{}&#8221;][\/et_pb_image][et_pb_code _builder_version=&#8221;4.18.0&#8243; _module_preset=&#8221;default&#8221; custom_margin=&#8221;||10px||false|false&#8221; global_colors_info=&#8221;{}&#8221;]<iframe style=\"border: 0; width: 100%; height: 120px;\" src=\"https:\/\/bandcamp.com\/EmbeddedPlayer\/album=3749013885\/size=large\/bgcol=ffffff\/linkcol=0687f5\/tracklist=false\/artwork=none\/transparent=true\/\" seamless><a href=\"https:\/\/mariapien.bandcamp.com\/album\/tres-poemas-ep\">Tres Poemas EP by Mar\u00eda Pien<\/a><\/iframe>[\/et_pb_code][et_pb_text _builder_version=&#8221;4.18.0&#8243; _module_preset=&#8221;default&#8221; text_font=&#8221;EB Garamond||||||||&#8221; custom_margin=&#8221;||17px||false|false&#8221; global_colors_info=&#8221;{}&#8221;]<\/p>\n<p><strong>Tres Poemas (EP, 2017)<\/strong><\/p>\n<p><span style=\"font-weight: 400;\">Tres movimientos, tres canciones, y tres momentos de un film de 17 minutos. Poemas de mundos aparentemente distintos pero que comparten mirada y esp\u00edritu: <\/span><i><span style=\"font-weight: 400;\">Discrepancias<\/span><\/i><span style=\"font-weight: 400;\">, de Circe Maia, <\/span><i><span style=\"font-weight: 400;\">The lesson of the falling leaves<\/span><\/i><span style=\"font-weight: 400;\">, de Lucille Clifton, y <\/span><i><span style=\"font-weight: 400;\">Les Souffles<\/span><\/i><span style=\"font-weight: 400;\">, de Birago Diop. Grabado y mezclado por Guli Bucich en La Alfombra M\u00e1gica, y masterizado por Carlos Laurenz en Carlos Laurenz Mastering.<\/span><\/p>\n<p>[\/et_pb_text][et_pb_button button_url=&#8221;#&#8221; button_text=&#8221;letras&#8221; button_alignment=&#8221;left&#8221; module_id=&#8221;trespoemas&#8221; module_class=&#8221;trespoemas&#8221; _builder_version=&#8221;4.18.0&#8243; _module_preset=&#8221;default&#8221; custom_button=&#8221;on&#8221; button_text_size=&#8221;14px&#8221; button_text_color=&#8221;#FFFFFF&#8221; button_bg_color=&#8221;#000000&#8243; button_border_width=&#8221;0px&#8221; button_border_radius=&#8221;24px&#8221; button_font=&#8221;Roboto||||||||&#8221; button_icon_color=&#8221;#FFFFFF&#8221; locked=&#8221;off&#8221; global_colors_info=&#8221;{}&#8221; button_bg_color__hover_enabled=&#8221;on|desktop&#8221; button_text_color__hover_enabled=&#8221;on|desktop&#8221; button_bg_color__hover=&#8221;#000000&#8243; button_bg_enable_color__hover=&#8221;on&#8221; button_icon_color__hover_enabled=&#8221;on|hover&#8221; button_icon_color__hover=&#8221;#FFFFFF&#8221; button_text_color__hover=&#8221;#FFFFFF&#8221; button_border_width__hover_enabled=&#8221;off|desktop&#8221;][\/et_pb_button][\/et_pb_column][et_pb_column type=&#8221;1_3&#8243; _builder_version=&#8221;4.18.0&#8243; _module_preset=&#8221;default&#8221; global_colors_info=&#8221;{}&#8221;][et_pb_image src=&#8221;https:\/\/mariapien.com.ar\/wp-content\/uploads\/2023\/04\/malinalli.jpeg&#8221; title_text=&#8221;malinalli&#8221; _builder_version=&#8221;4.18.0&#8243; _module_preset=&#8221;default&#8221; custom_margin=&#8221;||15px||false|false&#8221; global_colors_info=&#8221;{}&#8221;][\/et_pb_image][et_pb_code _builder_version=&#8221;4.18.0&#8243; _module_preset=&#8221;default&#8221; custom_margin=&#8221;||10px||false|false&#8221; global_colors_info=&#8221;{}&#8221;]<iframe style=\"border: 0; width: 100%; height: 120px;\" src=\"https:\/\/bandcamp.com\/EmbeddedPlayer\/album=2953962904\/size=large\/bgcol=ffffff\/linkcol=0687f5\/tracklist=false\/artwork=none\/transparent=true\/\" seamless><a href=\"https:\/\/mariapien.bandcamp.com\/album\/malinalli\">Malinalli by Mar\u00eda Pien<\/a><\/iframe>[\/et_pb_code][et_pb_text _builder_version=&#8221;4.18.0&#8243; _module_preset=&#8221;default&#8221; text_font=&#8221;EB Garamond||||||||&#8221; custom_margin=&#8221;||17px||false|false&#8221; global_colors_info=&#8221;{}&#8221;]<\/p>\n<p><strong>Malinalli (2014)<\/strong><\/p>\n<p><span>Segundo LP, que refleja una etapa muy fruct\u00edfera de canciones y experiencias. Combina colores camar\u00edsticos -viol\u00edn, viola, cello, contrabajo, trompeta, flugel, clarinete y percusi\u00f3n orquestal- con la cercan\u00eda de la voz y las guitarras criollas y ac\u00fasticas. Fue producido junto a Lautaro Feldman, grabado por Francisco Stuart en Estudios NN y mezclado por Manza Esa\u00edn en El \u00c1rbol. Existi\u00f3 una edici\u00f3n especial de 500 ejemplares de este disco en formato libro, cosido a mano y con ilustraciones de Eugenia Mello y Cinthia Alonso, que se encuentra agotada.<\/span><\/p>\n<p>[\/et_pb_text][et_pb_button button_url=&#8221;#&#8221; button_text=&#8221;letras&#8221; button_alignment=&#8221;left&#8221; module_id=&#8221;malinalli&#8221; module_class=&#8221;malinalli&#8221; _builder_version=&#8221;4.18.0&#8243; _module_preset=&#8221;default&#8221; custom_button=&#8221;on&#8221; button_text_size=&#8221;14px&#8221; button_text_color=&#8221;#FFFFFF&#8221; button_bg_color=&#8221;#000000&#8243; button_border_width=&#8221;0px&#8221; button_border_radius=&#8221;24px&#8221; button_font=&#8221;Roboto||||||||&#8221; button_icon_color=&#8221;#FFFFFF&#8221; locked=&#8221;off&#8221; global_colors_info=&#8221;{}&#8221; button_bg_color__hover_enabled=&#8221;on|desktop&#8221; button_text_color__hover_enabled=&#8221;on|desktop&#8221; button_bg_color__hover=&#8221;#000000&#8243; button_bg_enable_color__hover=&#8221;on&#8221; button_icon_color__hover_enabled=&#8221;on|hover&#8221; button_icon_color__hover=&#8221;#FFFFFF&#8221; button_text_color__hover=&#8221;#FFFFFF&#8221; button_border_width__hover_enabled=&#8221;off|desktop&#8221;][\/et_pb_button][\/et_pb_column][et_pb_column type=&#8221;1_3&#8243; _builder_version=&#8221;4.18.0&#8243; _module_preset=&#8221;default&#8221; global_colors_info=&#8221;{}&#8221;][et_pb_image src=&#8221;https:\/\/mariapien.com.ar\/wp-content\/uploads\/2023\/04\/lavueltamanzana.jpeg&#8221; title_text=&#8221;lavueltamanzana&#8221; _builder_version=&#8221;4.18.0&#8243; _module_preset=&#8221;default&#8221; custom_margin=&#8221;||15px||false|false&#8221; global_colors_info=&#8221;{}&#8221;][\/et_pb_image][et_pb_code _builder_version=&#8221;4.18.0&#8243; _module_preset=&#8221;default&#8221; custom_margin=&#8221;||10px||false|false&#8221; global_colors_info=&#8221;{}&#8221;]<iframe style=\"border: 0; width: 100%; height: 120px;\" src=\"https:\/\/bandcamp.com\/EmbeddedPlayer\/album=3721055756\/size=large\/bgcol=ffffff\/linkcol=0687f5\/tracklist=false\/artwork=none\/transparent=true\/\" seamless><a href=\"https:\/\/mariapien.bandcamp.com\/album\/la-vuelta-manzana\">La Vuelta Manzana by Mar\u00eda Pien<\/a><\/iframe>[\/et_pb_code][et_pb_text _builder_version=&#8221;4.18.0&#8243; _module_preset=&#8221;default&#8221; text_font=&#8221;EB Garamond||||||||&#8221; custom_margin=&#8221;||17px||false|false&#8221; global_colors_info=&#8221;{}&#8221;]<\/p>\n<p><strong>La Vuelta Manzana (2012)<\/strong><\/p>\n<p><span style=\"font-weight: 400;\">Primera experiencia de grabaci\u00f3n profesional. Recopila una selecci\u00f3n de mis primeras composiciones como solista, muchas de ellas escritas en Bowdoin entre 2007 y 2008. Producido y grabado por Diego Rol\u00f3n en Churrasco Records, y con participaciones de Carolina Pacheco y Antonio Birabent. En palabras de Diego, \u201cla escuela del disco\u201d.\u00a0<\/span><\/p>\n<p>[\/et_pb_text][et_pb_button button_url=&#8221;#&#8221; button_text=&#8221;letras&#8221; button_alignment=&#8221;left&#8221; module_id=&#8221;lavueltamanzana&#8221; module_class=&#8221;lavueltamanzana&#8221; _builder_version=&#8221;4.18.0&#8243; _module_preset=&#8221;default&#8221; custom_button=&#8221;on&#8221; button_text_size=&#8221;14px&#8221; button_text_color=&#8221;#FFFFFF&#8221; button_bg_color=&#8221;#000000&#8243; button_border_width=&#8221;0px&#8221; button_border_radius=&#8221;24px&#8221; button_font=&#8221;Roboto||||||||&#8221; button_icon_color=&#8221;#FFFFFF&#8221; locked=&#8221;off&#8221; global_colors_info=&#8221;{}&#8221; button_bg_color__hover_enabled=&#8221;on|desktop&#8221; button_text_color__hover_enabled=&#8221;on|desktop&#8221; button_bg_color__hover=&#8221;#000000&#8243; button_bg_enable_color__hover=&#8221;on&#8221; button_icon_color__hover_enabled=&#8221;on|hover&#8221; button_icon_color__hover=&#8221;#FFFFFF&#8221; button_text_color__hover=&#8221;#FFFFFF&#8221; button_border_width__hover_enabled=&#8221;off|desktop&#8221;][\/et_pb_button][\/et_pb_column][\/et_pb_row][\/et_pb_section][et_pb_section fb_built=&#8221;1&#8243; admin_label=&#8221;Popup &#8211; #lavueltamanzana&#8221; module_id=&#8221;lavueltamanzana&#8221; module_class=&#8221;popup&#8221; _builder_version=&#8221;4.18.0&#8243; _module_preset=&#8221;default&#8221; width=&#8221;29%&#8221; da_is_popup=&#8221;on&#8221; da_popup_slug=&#8221;lavueltamanzana&#8221; da_disable_devices=&#8221;off|off|off&#8221; global_colors_info=&#8221;{}&#8221; da_exit_intent=&#8221;off&#8221; da_has_close=&#8221;on&#8221; da_alt_close=&#8221;off&#8221; da_dark_close=&#8221;off&#8221; da_not_modal=&#8221;on&#8221; da_is_singular=&#8221;off&#8221; da_with_loader=&#8221;off&#8221; da_has_shadow=&#8221;on&#8221;][et_pb_row _builder_version=&#8221;4.18.0&#8243; _module_preset=&#8221;default&#8221; global_colors_info=&#8221;{}&#8221;][et_pb_column type=&#8221;4_4&#8243; _builder_version=&#8221;4.18.0&#8243; _module_preset=&#8221;default&#8221; global_colors_info=&#8221;{}&#8221;][et_pb_text _builder_version=&#8221;4.18.0&#8243; _module_preset=&#8221;default&#8221; text_font=&#8221;EB Garamond||||||||&#8221; global_colors_info=&#8221;{}&#8221;]<\/p>\n<p style=\"text-align: center;\"><b>R\u00edo Rivadavia <br \/><\/b><span style=\"font-weight: 400;\">L y M: Mar\u00eda Pien\u00a0<\/span><\/p>\n<p style=\"text-align: center;\"><span style=\"font-weight: 400;\">R\u00edo Rivadavia<br \/><\/span><span style=\"font-weight: 400;\">lecho de vereda<br \/><\/span><span style=\"font-weight: 400;\">el 86<br \/><\/span><span style=\"font-weight: 400;\">te navega<\/span><\/p>\n<p style=\"text-align: center;\"><span style=\"font-weight: 400;\">Canta una sirena<br \/><\/span><span style=\"font-weight: 400;\">todos abren paso<br \/><\/span><span style=\"font-weight: 400;\">mi barrio es un valle<br \/><\/span><span style=\"font-weight: 400;\">de asfalto<\/span><\/p>\n<p style=\"text-align: center;\"><span style=\"font-weight: 400;\">Mi casa huele a tormenta<br \/><\/span><span style=\"font-weight: 400;\">la siesta me est\u00e1 llamando<br \/><\/span><span style=\"font-weight: 400;\">mientras las ventanas lloran<br \/><\/span><span style=\"font-weight: 400;\">ya me voy acurrucando<\/span><\/p>\n<p style=\"text-align: center;\"><span style=\"font-weight: 400;\">R\u00edo Rivadavia<br \/><\/span><span style=\"font-weight: 400;\">lecho de vereda<br \/><\/span><span style=\"font-weight: 400;\">el 86<br \/><\/span><span style=\"font-weight: 400;\">te navega<\/span><\/p>\n<p style=\"text-align: center;\"><span style=\"font-weight: 400;\"><\/span><\/p>\n<p style=\"text-align: center;\"><b>Autoayuda<br \/><\/b><span style=\"font-weight: 400;\">L y M: Mar\u00eda Pien\u00a0<\/span><span style=\"font-weight: 400;\"><\/span><\/p>\n<p style=\"text-align: center;\"><span style=\"font-weight: 400;\">Escribo esta canci\u00f3n para que me acompa\u00f1e,<br \/><\/span><span style=\"font-weight: 400;\">escribo esta canci\u00f3n para sentirme bien,<br \/><\/span><span style=\"font-weight: 400;\">no tengo a donde ir ni nadie que me abrace,<br \/><\/span><span style=\"font-weight: 400;\">no s\u00e9 ni cu\u00e1nto falta para el amanecer<\/span><span style=\"font-weight: 400;\"><\/span><\/p>\n<p style=\"text-align: center;\"><span style=\"font-weight: 400;\">Escribo matafuegos,<br \/><\/span><span style=\"font-weight: 400;\">escribo salvavidas,<br \/><\/span><span style=\"font-weight: 400;\">escribo mano amiga,<br \/><\/span><span style=\"font-weight: 400;\">escribo t\u00e9 con miel,<br \/><\/span><span style=\"font-weight: 400;\">escribo un beso tuyo que nunca termina,<br \/><\/span><span style=\"font-weight: 400;\">escribo un pasaje con destino a donde est\u00e9s<\/span><span style=\"font-weight: 400;\"><\/span><\/p>\n<p style=\"text-align: center;\"><span style=\"font-weight: 400;\">Escribo esta canci\u00f3n sin grandes pretensiones,<br \/><\/span><span style=\"font-weight: 400;\">tal vez con la esperanza de que me ayude a dormir<\/span><span style=\"font-weight: 400;\"><\/span><\/p>\n<p style=\"text-align: center;\"><span style=\"font-weight: 400;\">Escribo esta canci\u00f3n para que me acompa\u00f1e\u2026<\/span><\/p>\n<p style=\"text-align: center;\"><span style=\"font-weight: 400;\"><\/span><\/p>\n<p style=\"text-align: center;\"><b>Fruto prohibido<br \/><\/b><span style=\"font-weight: 400;\">L y M: Mar\u00eda Pien\u00a0<\/span><span style=\"font-weight: 400;\"><\/span><\/p>\n<p style=\"text-align: center;\"><span style=\"font-weight: 400;\">Yo me quiero ir a dormir pero<br \/><\/span><span style=\"font-weight: 400;\">no s\u00e9 si podr\u00eda levantarme,<br \/><\/span><span style=\"font-weight: 400;\">adem\u00e1s la cama est\u00e1 deshecha<br \/><\/span><span style=\"font-weight: 400;\">y yo cansada<\/span><span style=\"font-weight: 400;\"><\/span><\/p>\n<p style=\"text-align: center;\"><span style=\"font-weight: 400;\">No puedo comer frutillas<br \/><\/span><span style=\"font-weight: 400;\">ni tampoco mandarinas,<br \/><\/span><span style=\"font-weight: 400;\">aunque sepas que me gustan<br \/><\/span><span style=\"font-weight: 400;\">eso no va a cambiar nada<\/span><span style=\"font-weight: 400;\"><\/span><\/p>\n<p style=\"text-align: center;\"><span style=\"font-weight: 400;\">Si me gustan las frutillas,<br \/><\/span><span style=\"font-weight: 400;\">\u00bfpor qu\u00e9 no puedo comerlas?<br \/><\/span><span style=\"font-weight: 400;\">te lo explicar\u00eda pero<br \/><\/span><span style=\"font-weight: 400;\">no lo entender\u00edas<\/span><span style=\"font-weight: 400;\"><\/span><\/p>\n<p style=\"text-align: center;\"><span style=\"font-weight: 400;\">Pero no me importa tanto<br \/><\/span><span style=\"font-weight: 400;\">y trato de entretenerme<br \/><\/span><span style=\"font-weight: 400;\">con este caj\u00f3n de<br \/><\/span><span style=\"font-weight: 400;\">manzanas verdes;<\/span><span style=\"font-weight: 400;\"><\/span><\/p>\n<p style=\"text-align: center;\"><span style=\"font-weight: 400;\">pero no me importa ahora<br \/><\/span><span style=\"font-weight: 400;\">mientras como una manzana,<br \/><\/span><span style=\"font-weight: 400;\">prefiero evitarme un dolor<br \/><\/span><span style=\"font-weight: 400;\">de panza<\/span><span style=\"font-weight: 400;\"><\/span><\/p>\n<p style=\"text-align: center;\"><span style=\"font-weight: 400;\">Me apetecen tres frutillas<br \/><\/span><span style=\"font-weight: 400;\">y tal vez dos mandarinas,<br \/><\/span><span style=\"font-weight: 400;\">te lo explicar\u00eda pero<br \/><\/span><span style=\"font-weight: 400;\">no lo entender\u00edas<\/span><span style=\"font-weight: 400;\"><\/span><\/p>\n<p style=\"text-align: center;\"><span style=\"font-weight: 400;\">Pero no me importa tanto<br \/><\/span><span style=\"font-weight: 400;\">y trato de entretenerme<br \/><\/span><span style=\"font-weight: 400;\">con este caj\u00f3n de<br \/><\/span><span style=\"font-weight: 400;\">manzanas verdes;<\/span><span style=\"font-weight: 400;\"><\/span><\/p>\n<p style=\"text-align: center;\"><span style=\"font-weight: 400;\">pero no me importa ahora<br \/><\/span><span style=\"font-weight: 400;\">mientras escribo estos versos,<br \/><\/span><span style=\"font-weight: 400;\">te lo explicar\u00eda pero<br \/><\/span><span style=\"font-weight: 400;\">no s\u00e9.<\/span><\/p>\n<p style=\"text-align: center;\"><b><\/b><\/p>\n<p style=\"text-align: center;\"><b>Spring Inside<br \/><\/b><span style=\"font-weight: 400;\">L y M: Mar\u00eda Pien<\/span><span style=\"font-weight: 400;\"><\/span><\/p>\n<p style=\"text-align: center;\"><span style=\"font-weight: 400;\">I can still remember<br \/><\/span><span style=\"font-weight: 400;\">after, oh, so many years&#8230;<br \/><\/span><span style=\"font-weight: 400;\">Or was it yesterday?<br \/><\/span><span style=\"font-weight: 400;\">Or was it now?<\/span><span style=\"font-weight: 400;\"><\/span><\/p>\n<p style=\"text-align: center;\"><span style=\"font-weight: 400;\">Your lips tasted of coffee beans<br \/><\/span><span style=\"font-weight: 400;\">and cigarettes,<br \/><\/span><span style=\"font-weight: 400;\">you had such handsome eyes\u2026<br \/><\/span><span style=\"font-weight: 400;\">like olive trees<\/span><span style=\"font-weight: 400;\"><\/span><\/p>\n<p style=\"text-align: center;\"><span style=\"font-weight: 400;\">As I spend the spring inside<br \/><\/span><span style=\"font-weight: 400;\">some things are blurring in my mind<br \/><\/span><span style=\"font-weight: 400;\">but you&#8217;re still clear.<br \/><\/span><span style=\"font-weight: 400;\">I can&#8217;t help but think that<br \/><\/span><span style=\"font-weight: 400;\">life is making fun of me,<br \/><\/span><span style=\"font-weight: 400;\">somehow she smells my fears<\/span><span style=\"font-weight: 400;\"><\/span><\/p>\n<p style=\"text-align: center;\"><span style=\"font-weight: 400;\">I may not recall some flowers<br \/><\/span><span style=\"font-weight: 400;\">but I have a spring inside of me<\/span><\/p>\n<p style=\"text-align: center;\"><b><\/b><\/p>\n<p style=\"text-align: center;\"><b>Nocturno #2<br \/><\/b><span style=\"font-weight: 400;\"><\/span><span style=\"font-weight: 400;\">L y M: Mar\u00eda Pien<\/span><span style=\"font-weight: 400;\"><\/span><\/p>\n<p style=\"text-align: center;\"><span style=\"font-weight: 400;\">No le tengo miedo a<br \/><\/span><span style=\"font-weight: 400;\">la noche porque s\u00e9 que no<br \/><\/span><span style=\"font-weight: 400;\">me esconde nada que no sea<br \/><\/span><span style=\"font-weight: 400;\">m\u00e1s temible a la luz<br \/><\/span><span style=\"font-weight: 400;\">del d\u00eda<\/span><span style=\"font-weight: 400;\"><\/span><\/p>\n<p style=\"text-align: center;\"><span style=\"font-weight: 400;\">No le tengo miedo a<br \/><\/span><span style=\"font-weight: 400;\">los muertos porque s\u00e9 que ellos<br \/><\/span><span style=\"font-weight: 400;\">no matan ni defraudan ni<br \/><\/span><span style=\"font-weight: 400;\">lastiman como si estuvieran<br \/><\/span><span style=\"font-weight: 400;\">vivos<\/span><span style=\"font-weight: 400;\"><\/span><\/p>\n<p style=\"text-align: center;\"><span style=\"font-weight: 400;\">No le tengo miedo a<br \/><\/span><span style=\"font-weight: 400;\">mis miedos porque me est\u00e1n obligando<br \/><\/span><span style=\"font-weight: 400;\">a no quedarme tan tranquila y<br \/><\/span><span style=\"font-weight: 400;\">a no dormirme:<\/span><span style=\"font-weight: 400;\"><\/span><\/p>\n<p style=\"text-align: center;\"><span style=\"font-weight: 400;\">estoy bien despierta<\/span><\/p>\n<p style=\"text-align: center;\"><b><\/b><\/p>\n<p style=\"text-align: center;\"><b>Aloe<br \/><\/b><span style=\"font-weight: 400;\">L y M: Mar\u00eda Pien<\/span><\/p>\n<p style=\"text-align: center;\"><span style=\"font-weight: 400;\">La segunda estrofa pertenece al poema <\/span><i><span style=\"font-weight: 400;\">An Eastern Ballad<\/span><\/i><span style=\"font-weight: 400;\">, de Allen Ginsberg<\/span><span style=\"font-weight: 400;\"><\/span><\/p>\n<p style=\"text-align: center;\"><span style=\"font-weight: 400;\">Oh my love<br \/><\/span><span style=\"font-weight: 400;\">the pain is gone<br \/><\/span><span style=\"font-weight: 400;\">oh my love<br \/><\/span><span style=\"font-weight: 400;\">the scars and wounds<br \/><\/span><span style=\"font-weight: 400;\">are healing<br \/><\/span><span style=\"font-weight: 400;\">for, my love,<br \/><\/span><span style=\"font-weight: 400;\">I&#8217;m flesh and blood<br \/><\/span><span style=\"font-weight: 400;\">and your love<br \/><\/span><span style=\"font-weight: 400;\">feels like<br \/><\/span><span style=\"font-weight: 400;\">aloe<\/span><span style=\"font-weight: 400;\"><\/span><\/p>\n<p style=\"text-align: center;\"><i><span style=\"font-weight: 400;\">I never dreamed the sea so deep,<br \/><\/span><\/i><i><span style=\"font-weight: 400;\">The earth so dark; so long my sleep,<br \/><\/span><\/i><i><span style=\"font-weight: 400;\">I have become another child.<br \/><\/span><\/i><i><span style=\"font-weight: 400;\">I wake to see the world go wild<\/span><\/i><span style=\"font-weight: 400;\">\u00a0<\/span><\/p>\n<p style=\"text-align: center;\"><b><\/b><\/p>\n<p style=\"text-align: center;\"><b>Pasar\u00e1<br \/><\/b><span style=\"font-weight: 400;\">L y M: Mar\u00eda Pien\u00a0<\/span><span style=\"font-weight: 400;\"><\/span><\/p>\n<p style=\"text-align: center;\"><span style=\"font-weight: 400;\">El agua viene y<br \/><\/span><span style=\"font-weight: 400;\">el agua va,<br \/><\/span><span style=\"font-weight: 400;\">peinando las barbas<br \/><\/span><span style=\"font-weight: 400;\">del juncal<\/span><span style=\"font-weight: 400;\"><\/span><\/p>\n<p style=\"text-align: center;\"><span style=\"font-weight: 400;\">Las hormigas<br \/><\/span><span style=\"font-weight: 400;\">cumplen su papel,<br \/><\/span><span style=\"font-weight: 400;\">obedientes<br \/><\/span><span style=\"font-weight: 400;\">luna y sol tambi\u00e9n<\/span><span style=\"font-weight: 400;\"><\/span><\/p>\n<p style=\"text-align: center;\"><span style=\"font-weight: 400;\">Sigue en pie la galaxia<br \/><\/span><span style=\"font-weight: 400;\">los planetas orbitan<br \/><\/span><span style=\"font-weight: 400;\">y yo canto<br \/><\/span><span style=\"font-weight: 400;\">porque es mi modo<br \/><\/span><span style=\"font-weight: 400;\">de no olvidar<\/span><span style=\"font-weight: 400;\"><\/span><\/p>\n<p style=\"text-align: center;\"><span style=\"font-weight: 400;\">Y que el agua viene<br \/><\/span><span style=\"font-weight: 400;\">y que el agua va<br \/><\/span><span style=\"font-weight: 400;\">y que yo me voy<br \/><\/span><span style=\"font-weight: 400;\">y que vos te vas<br \/><\/span><span style=\"font-weight: 400;\">y que esto tambi\u00e9n<br \/><\/span><span style=\"font-weight: 400;\">pronto pasar\u00e1<\/span><\/p>\n<p style=\"text-align: center;\"><span style=\"font-weight: 400;\"><\/span><\/p>\n<p style=\"text-align: center;\"><b>Fantas\u00eda en G para un pueblo al Sur del mapa<br \/><\/b><span style=\"font-weight: 400;\">L y M: Mar\u00eda Pien\u00a0<\/span><span style=\"font-weight: 400;\"><\/span><\/p>\n<p style=\"text-align: center;\"><span style=\"font-weight: 400;\">Cuna de mi coraz\u00f3n,<br \/><\/span><span style=\"font-weight: 400;\">all\u00e1 donde me palpita,<br \/><\/span><span style=\"font-weight: 400;\">un mar de agua dulce te lame el cuero<br \/><\/span><span style=\"font-weight: 400;\">mestizo y sur<\/span><span style=\"font-weight: 400;\"><\/span><\/p>\n<p style=\"text-align: center;\"><span style=\"font-weight: 400;\">Yo, que te he visto llorar,<br \/><\/span><span style=\"font-weight: 400;\">ya no puedo m\u00e1s que amarte,<br \/><\/span><span style=\"font-weight: 400;\">te abrazo con mi garganta celeste y blanca<br \/><\/span><span style=\"font-weight: 400;\">temblando de luz<\/span><span style=\"font-weight: 400;\"><\/span><\/p>\n<p style=\"text-align: center;\"><span style=\"font-weight: 400;\">H\u00fameda ciudad, la furia acab\u00f3,<br \/><\/span><span style=\"font-weight: 400;\">ahora ya sab\u00e9s que no sos Par\u00eds<\/span><span style=\"font-weight: 400;\"><\/span><\/p>\n<p style=\"text-align: center;\"><span style=\"font-weight: 400;\">Sudam\u00e9rica fue quien te pari\u00f3,<br \/><\/span><span style=\"font-weight: 400;\">empez\u00e1 a querer tu noble ra\u00edz<\/span><span style=\"font-weight: 400;\"><\/span><\/p>\n<p style=\"text-align: center;\"><span style=\"font-weight: 400;\">Para contarles de vos<br \/><\/span><span style=\"font-weight: 400;\">a los pueblos de este mundo<br \/><\/span><span style=\"font-weight: 400;\">tengo que hablar de guitarras,<br \/><\/span><span style=\"font-weight: 400;\">de noches largas,<br \/><\/span><span style=\"font-weight: 400;\">de Almagro y de m\u00ed<\/span><span style=\"font-weight: 400;\"><\/span><\/p>\n<p style=\"text-align: center;\"><span style=\"font-weight: 400;\">Cuna de mi coraz\u00f3n,<br \/><\/span><span style=\"font-weight: 400;\">yo soy sangre de tu sangre,<br \/><\/span><span style=\"font-weight: 400;\">y si me atrevo a cantarte<br \/><\/span><span style=\"font-weight: 400;\">ser\u00e1 que quiero<br \/><\/span><span style=\"font-weight: 400;\">verte crecer<\/span><span style=\"font-weight: 400;\"><\/span><\/p>\n<p style=\"text-align: center;\"><span style=\"font-weight: 400;\">H\u00fameda ciudad, la furia acab\u00f3,<br \/><\/span><span style=\"font-weight: 400;\">ahora ya sab\u00e9s que no sos Par\u00eds<\/span><span style=\"font-weight: 400;\"><\/span><\/p>\n<p style=\"text-align: center;\"><span style=\"font-weight: 400;\">Madre Am\u00e9rica fue quien te pari\u00f3,<br \/><\/span><span style=\"font-weight: 400;\">empez\u00e1 a querer tu noble ra\u00edz<\/span><span style=\"font-weight: 400;\"><\/span><\/p>\n<p style=\"text-align: center;\"><b>Trovadora del viento<br \/><\/b><span style=\"font-weight: 400;\">L y M: Mar\u00eda Pien\u00a0<\/span><\/p>\n<p style=\"text-align: center;\"><span style=\"font-weight: 400;\">Cuanta gente sola que anda por la ciudad,<br \/><\/span><span style=\"font-weight: 400;\">\u00bfno se dan cuenta de que est\u00e1n consigo mismos?<br \/><\/span><span style=\"font-weight: 400;\">Yo quiero olvidarme del dolor de estar tan viva<br \/><\/span><span style=\"font-weight: 400;\">pero intuyo que tal vez es mi destino<\/span><span style=\"font-weight: 400;\"><\/span><\/p>\n<p style=\"text-align: center;\"><span style=\"font-weight: 400;\">Cada vez que te siento tan lejos, tan lejos<br \/><\/span><span style=\"font-weight: 400;\">como donde el cielo se vuelve horizonte,<br \/><\/span><span style=\"font-weight: 400;\">me pongo de cara al viento, de cara al viento<br \/><\/span><span style=\"font-weight: 400;\">y le pido que dirija mis temores<\/span><span style=\"font-weight: 400;\"><\/span><\/p>\n<p style=\"text-align: center;\"><span style=\"font-weight: 400;\">No me mires con los ojos,<br \/><\/span><span style=\"font-weight: 400;\">no me juzgues tan temprano,<br \/><\/span><span style=\"font-weight: 400;\">este silencio es tu amigo,<br \/><\/span><span style=\"font-weight: 400;\">estos versos, tus hermanos<\/span><span style=\"font-weight: 400;\"><\/span><\/p>\n<p style=\"text-align: center;\"><span style=\"font-weight: 400;\">Montada en la luna voy a salir a cantar<br \/><\/span><span style=\"font-weight: 400;\">para que mi voz ande por todas partes,<br \/><\/span><span style=\"font-weight: 400;\">y de paso mientras tanto curo mis penas<br \/><\/span><span style=\"font-weight: 400;\">galopando el claroscuro de la tarde<\/span><span style=\"font-weight: 400;\"><\/span><\/p>\n<p style=\"text-align: center;\"><span style=\"font-weight: 400;\">No tengas miedo del tiempo,<br \/><\/span><span style=\"font-weight: 400;\">que no te enjaule el espacio,<br \/><\/span><span style=\"font-weight: 400;\">este silencio est\u00e1 vivo,<br \/><\/span><span style=\"font-weight: 400;\">estos versos van volando<\/span><\/p>\n<p style=\"text-align: center;\"><b><\/b><\/p>\n<p style=\"text-align: center;\"><b>Por m\u00ed, que llueva<br \/><\/b><span style=\"font-weight: 400;\">L y M; Mar\u00eda Pien\u00a0<\/span><span style=\"font-weight: 400;\"><\/span><\/p>\n<p style=\"text-align: center;\"><span style=\"font-weight: 400;\">Hoy ya es ma\u00f1ana,<br \/><\/span><span style=\"font-weight: 400;\">no me despiertes,<br \/><\/span><span style=\"font-weight: 400;\">dejame as\u00ed\u2026<br \/><\/span><span style=\"font-weight: 400;\">prometo no molestar<\/span><span style=\"font-weight: 400;\"><\/span><\/p>\n<p style=\"text-align: center;\"><span style=\"font-weight: 400;\">Uh, la persiana\u2026 me destapaste\u2026<br \/><\/span><span style=\"font-weight: 400;\">Sab\u00e9s, me tendr\u00eda que levantar\u2026<\/span><span style=\"font-weight: 400;\"><\/span><\/p>\n<p style=\"text-align: center;\"><span style=\"font-weight: 400;\">Te mentir\u00eda si dijera que me importa,<br \/><\/span><span style=\"font-weight: 400;\">por m\u00ed, que llueva\u2026<\/span><span style=\"font-weight: 400;\"><\/span><\/p>\n<p style=\"text-align: center;\"><span style=\"font-weight: 400;\">Cierro los ojos para invocarte,<br \/><\/span><span style=\"font-weight: 400;\">ventajas de tener mucha imaginaci\u00f3n,<br \/><\/span><span style=\"font-weight: 400;\">est\u00e1s dormido, est\u00e1s conmigo,<br \/><\/span><span style=\"font-weight: 400;\">y las palomas se cuelan en la canci\u00f3n<\/span><span style=\"font-weight: 400;\"><\/span><\/p>\n<p style=\"text-align: center;\"><span style=\"font-weight: 400;\">No me interesa lo que pase ah\u00ed fuera,<br \/><\/span><span style=\"font-weight: 400;\">no me interesa la crisis financiera,<br \/><\/span><span style=\"font-weight: 400;\">por m\u00ed, que llueva<\/span><span style=\"font-weight: 400;\"><\/span><\/p>\n<p style=\"text-align: center;\"><span style=\"font-weight: 400;\">Me desentiendo<br \/><\/span><span style=\"font-weight: 400;\">de este mundo<br \/><\/span><span style=\"font-weight: 400;\">y sus vueltas:<br \/><\/span><span style=\"font-weight: 400;\">por m\u00ed, que llueva<\/span><\/p>\n<p style=\"text-align: center;\"><b><\/b><\/p>\n<p style=\"text-align: center;\"><b>Hace fr\u00edo (en NYC)<br \/><\/b><span style=\"font-weight: 400;\">L y M: Mar\u00eda Pien\u00a0<\/span><span style=\"font-weight: 400;\"><\/span><\/p>\n<p style=\"text-align: center;\"><span style=\"font-weight: 400;\">Laralala la ni\u00f1a sali\u00f3,<br \/><\/span><span style=\"font-weight: 400;\">no s\u00e9 cu\u00e1ndo vuelve.<br \/><\/span><span style=\"font-weight: 400;\">Laralalal\u00e1, ment\u00ed, ser\u00e1<br \/><\/span><span style=\"font-weight: 400;\">que no quiero verte<\/span><span style=\"font-weight: 400;\"><\/span><\/p>\n<p style=\"text-align: center;\"><span style=\"font-weight: 400;\">Laralala la vida est\u00e1 llena<br \/><\/span><span style=\"font-weight: 400;\">de gente hermosa,<br \/><\/span><span style=\"font-weight: 400;\">Laralalal\u00e1, quiero vivir<br \/><\/span><span style=\"font-weight: 400;\">lejos de la otra<\/span><span style=\"font-weight: 400;\"><\/span><\/p>\n<p style=\"text-align: center;\"><span style=\"font-weight: 400;\">Hace fr\u00edo en Nueva York,<br \/><\/span><span style=\"font-weight: 400;\">pero la nieve<br \/><\/span><span style=\"font-weight: 400;\">no me tap\u00f3 los recuerdos,<br \/><\/span><span style=\"font-weight: 400;\">ni me congel\u00f3 los sesos,<br \/><\/span><span style=\"font-weight: 400;\">ni acab\u00f3 con mi sentido com\u00fan<\/span><span style=\"font-weight: 400;\"><\/span><\/p>\n<p style=\"text-align: center;\"><span style=\"font-weight: 400;\">Laralalal\u00e1, excuse me sir,<br \/><\/span><span style=\"font-weight: 400;\">\u00bf\u00e9sta es la avenida?<br \/><\/span><span style=\"font-weight: 400;\">Laralalal\u00e1, thank you, voy bien,<br \/><\/span><span style=\"font-weight: 400;\">ya no estoy perdida<\/span><span style=\"font-weight: 400;\"><\/span><\/p>\n<p style=\"text-align: center;\"><span style=\"font-weight: 400;\">Laralala la ciudad me invita<br \/><\/span><span style=\"font-weight: 400;\">a recorrerla,<br \/><\/span><span style=\"font-weight: 400;\">Laralalal\u00e1, quiz\u00e1s encuentre<br \/><\/span><span style=\"font-weight: 400;\">una puerta abierta<\/span><span style=\"font-weight: 400;\"><\/span><\/p>\n<p style=\"text-align: center;\"><span style=\"font-weight: 400;\">Hace fr\u00edo\u2026<\/span><\/p>\n<p style=\"text-align: center;\"><span style=\"font-weight: 400;\"><\/span><\/p>\n<p style=\"text-align: center;\"><b>Verde<br \/><\/b><span style=\"font-weight: 400;\">L y M: Mar\u00eda Pien\u00a0<\/span><span style=\"font-weight: 400;\"><\/span><\/p>\n<p style=\"text-align: center;\"><span style=\"font-weight: 400;\">Verde como una manzana,<br \/><\/span><span style=\"font-weight: 400;\">perfumadita con colonia de tual\u00e9,<br \/><\/span><span style=\"font-weight: 400;\">muerta de ganas de que me rob\u00e9s un beso,<br \/><\/span><span style=\"font-weight: 400;\">fui hasta tu casa para verte aquella vez<\/span><span style=\"font-weight: 400;\"><\/span><\/p>\n<p style=\"text-align: center;\"><span style=\"font-weight: 400;\">Y mirando mi reflejo en tu ventana<br \/><\/span><span style=\"font-weight: 400;\">\u00a1me di cuenta en ese instante de que no te quiero m\u00e1s!<br \/><\/span><span style=\"font-weight: 400;\">Si siempre fuiste un egoc\u00e9ntrico ego\u00edsta,<br \/><\/span><span style=\"font-weight: 400;\">yo estar\u00e9 verde, pero no me engrup\u00eds m\u00e1s<\/span><span style=\"font-weight: 400;\"><\/span><\/p>\n<p style=\"text-align: center;\"><span style=\"font-weight: 400;\">Yo s\u00e9 que he sido fiel y buena compa\u00f1era,<br \/><\/span><span style=\"font-weight: 400;\">aunque no niegue que estoy un poco touch\u00e9e,<br \/><\/span><span style=\"font-weight: 400;\">pero jam\u00e1s te pondr\u00eda palos en la rueda<br \/><\/span><span style=\"font-weight: 400;\">y aunque te quise con locura, me cans\u00e9<\/span><span style=\"font-weight: 400;\"><\/span><\/p>\n<p style=\"text-align: center;\"><span style=\"font-weight: 400;\">Verde pero prevenida,<br \/><\/span><span style=\"font-weight: 400;\">para la pr\u00f3xima no me dejo enga\u00f1ar,<br \/><\/span><span style=\"font-weight: 400;\">no necesito m\u00e1s dolores de cabeza,<br \/><\/span><span style=\"font-weight: 400;\">total \u00a1qu\u00e9 importa!, novio menos, novio m\u00e1s\u2026<\/span><span style=\"font-weight: 400;\"><\/span><\/p>\n<p style=\"text-align: center;\"><span style=\"font-weight: 400;\">\u00bfDe qu\u00e9 me sirve ser mujer independiente<br \/><\/span><span style=\"font-weight: 400;\">si vivo atada a tu cari\u00f1o sin pensar?<br \/><\/span><span style=\"font-weight: 400;\">Ahora estoy sola y ya no tengo m\u00e1s problemas,<br \/><\/span><span style=\"font-weight: 400;\">s\u00f3lo esperemos que no te empiece a extra\u00f1ar<\/span><\/p>\n<p>[\/et_pb_text][\/et_pb_column][\/et_pb_row][\/et_pb_section][et_pb_section fb_built=&#8221;1&#8243; admin_label=&#8221;Popup &#8211; #otrovals&#8221; module_id=&#8221;otrovals&#8221; module_class=&#8221;popup&#8221; _builder_version=&#8221;4.18.0&#8243; _module_preset=&#8221;default&#8221; width=&#8221;29%&#8221; da_is_popup=&#8221;on&#8221; da_popup_slug=&#8221;otrovals&#8221; da_disable_devices=&#8221;off|off|off&#8221; global_colors_info=&#8221;{}&#8221; da_exit_intent=&#8221;off&#8221; da_has_close=&#8221;on&#8221; da_alt_close=&#8221;off&#8221; da_dark_close=&#8221;off&#8221; da_not_modal=&#8221;on&#8221; da_is_singular=&#8221;off&#8221; da_with_loader=&#8221;off&#8221; da_has_shadow=&#8221;on&#8221;][et_pb_row _builder_version=&#8221;4.18.0&#8243; _module_preset=&#8221;default&#8221; global_colors_info=&#8221;{}&#8221;][et_pb_column type=&#8221;4_4&#8243; _builder_version=&#8221;4.18.0&#8243; _module_preset=&#8221;default&#8221; global_colors_info=&#8221;{}&#8221;][et_pb_text _builder_version=&#8221;4.18.0&#8243; _module_preset=&#8221;default&#8221; text_font=&#8221;EB Garamond||||||||&#8221; global_colors_info=&#8221;{}&#8221;]<\/p>\n<p style=\"text-align: center;\"><b>Otro Vals<br \/><\/b>L y M Mar\u00eda Pien<\/p>\n<p style=\"text-align: center;\"><span>Esta luz que se va<\/span><br \/><span>yo lo s\u00e9, yo lo s\u00e9, volver\u00e1\u00a0<\/span><\/p>\n<p style=\"text-align: center;\"><span>Yo la vi, parpade\u00f3\u00a0<\/span><br \/><span>cuando al fin pudiste\u00a0descansar\u00a0<\/span><\/p>\n<p style=\"text-align: center;\"><span>Bailar\u00e1s otro vals,<\/span><br \/><span>chacareras y zambas\u00a0<\/span><br \/><span>quien sabe si te esperar\u00e1<\/span><br \/><span>Chicha por all\u00e1\u2026\u00a0<\/span><br \/><span>puedo imaginar\u2026\u00a0<\/span><\/p>\n<p style=\"text-align: center;\"><span>(instrumental)\u00a0<\/span><\/p>\n<p style=\"text-align: center;\"><span>Y te vas, ya te vas\u2026\u00a0<\/span><br \/><span>y no hay nada,<\/span><br \/><span>no hay nada,<\/span><br \/><span>m\u00e1s\u00a0nada<\/span><br \/><span>para perdonar<\/span><\/p>\n<p style=\"text-align: center;\"><span>S\u00f3lo me queda\u00a0<\/span><br \/><span>darte gracias<\/span><br \/><span>por la vida<\/span><br \/><span>Viejo p\u00e1<\/span><\/p>\n<p>[\/et_pb_text][\/et_pb_column][\/et_pb_row][\/et_pb_section][et_pb_section fb_built=&#8221;1&#8243; admin_label=&#8221;Popup &#8211; #afueraelsolestallabonus&#8221; module_id=&#8221;afueraelsolestallabonus&#8221; module_class=&#8221;popup&#8221; _builder_version=&#8221;4.18.0&#8243; _module_preset=&#8221;default&#8221; width=&#8221;29%&#8221; hover_enabled=&#8221;0&#8243; da_is_popup=&#8221;on&#8221; da_popup_slug=&#8221;afueraelsolestallabonus&#8221; da_disable_devices=&#8221;off|off|off&#8221; global_colors_info=&#8221;{}&#8221; sticky_enabled=&#8221;0&#8243; da_exit_intent=&#8221;off&#8221; da_has_close=&#8221;on&#8221; da_alt_close=&#8221;off&#8221; da_dark_close=&#8221;off&#8221; da_not_modal=&#8221;on&#8221; da_is_singular=&#8221;off&#8221; da_with_loader=&#8221;off&#8221; da_has_shadow=&#8221;on&#8221;][et_pb_row _builder_version=&#8221;4.18.0&#8243; _module_preset=&#8221;default&#8221; global_colors_info=&#8221;{}&#8221;][et_pb_column type=&#8221;4_4&#8243; _builder_version=&#8221;4.18.0&#8243; _module_preset=&#8221;default&#8221; global_colors_info=&#8221;{}&#8221;][et_pb_text _builder_version=&#8221;4.18.0&#8243; _module_preset=&#8221;default&#8221; text_font=&#8221;EB Garamond||||||||&#8221; hover_enabled=&#8221;0&#8243; global_colors_info=&#8221;{}&#8221; sticky_enabled=&#8221;0&#8243;]<\/p>\n<p style=\"text-align: center;\"><strong>Canci\u00f3n para los d\u00edas de la vida<br \/><\/strong>L y M: Luis Alberto Spinetta<\/p>\n<p style=\"text-align: center;\">Este dia empieza a crecer<br \/>voy a ver si puedo correr<br \/>Con la ma\u00f1ana silb\u00e1ndome en la espalda<br \/>o mirarme en las burbujas<\/p>\n<p style=\"text-align: center;\">Tengo que aprender a volar<br \/>entre tanta gente de pie.<br \/>Cuidan de mis alas unos gnomos de lata<br \/>que de noche nunca r\u00eden<\/p>\n<p style=\"text-align: center;\">Si la lluvia llega hasta aqu\u00ed<br \/>voy a limitarme a vivir<br \/>Mojar\u00e9 mis alas como el \u00e1rbol o el \u00e1ngel<br \/>o quiz\u00e1s muera de pena<\/p>\n<p style=\"text-align: center;\">Tengo mucho tiempo por hoy<br \/>los relojes haran que cante<\/p>\n<p style=\"text-align: center;\">Y la espuma gira en torno a mi piel<br \/>me han puesto manos para hablarle<br \/>a las cosas de m\u00ed<\/p>\n<p style=\"text-align: center;\">Y al fin mi duende naci\u00f3<br \/>tiene orejas blancas<br \/>como un soplo de pan y arroz<br \/>y un hongo como nariz<br \/>cuatro pelos locos<br \/>y un viol\u00edn que nunca calla<br \/>solo se desprende<br \/>y es igual a las guirnaldas<\/p>\n<p style=\"text-align: center;\">Este dia es algo de sal<br \/>me dej\u00f3 vibrando al nacer<br \/>pesa y es liviano como un hilo sin nombre<br \/>suena un poco a mi guitarra.<\/p>\n<p style=\"text-align: center;\">Tengo que aprender a ser luz<br \/>entre tanta gente detr\u00e1s<br \/>Me pondr\u00e9 las ramas de este sol que me espera<br \/>para usarme como al aire<\/p>\n<p style=\"text-align: center;\">Y es que al fin mi duende se abri\u00f3<br \/>tiene un coraz\u00f3n de mantel y bat\u00f3n<br \/>y un gui\u00f1o al ver que todo es verdad<br \/>ya los gnomos cuiden<br \/>a un viol\u00edn que siempre canta<br \/>nunca se adormece y es igual a las guirnaldas<\/p>\n<p style=\"text-align: center;\">Y es que nunca calla, solo se desprende<br \/>y es igual a las guirnaldas<\/p>\n<p style=\"text-align: center;\">\n<p style=\"text-align: center;\"><strong>La p\u00e1jara pinta<br \/><\/strong>L y M: Mar\u00eda Elena Walsh<\/p>\n<p style=\"text-align: center;\">Yo soy la P\u00e1jara Pinta,<br \/>viuda del P\u00e1jaro Pint\u00f3n.<br \/>Mi marido era muy alegre<br \/>y un cazador me lo mat\u00f3<br \/>con una escopetita verde<br \/>el d\u00eda de San Boromb\u00f3n.<\/p>\n<p style=\"text-align: center;\">Una bala le mat\u00f3 el canto<br \/>\u2014y era tan linda su canci\u00f3n\u2014,<br \/>la segunda le mat\u00f3 el vuelo,<br \/>y la tercera el coraz\u00f3n.<br \/>Ay ay la escopetita verde,<br \/>ay ay mi marido Pint\u00f3n.<\/p>\n<p style=\"text-align: center;\">Si al o\u00edrme se ponen tristes<br \/>a todos les pido perd\u00f3n.<br \/>Ya no puedo cantar alegre<br \/>ni sentadita en el lim\u00f3n<br \/>como antes cuando con el pico<br \/>cortaba la rama y la flor.<\/p>\n<p style=\"text-align: center;\">Yo soy la P\u00e1jara Pinta,<br \/>si alguien pregunta d\u00f3nde estoy<br \/>le dir\u00e1n que me vieron sola<br \/>y sentadita en un rinc\u00f3n<br \/>llorando de melancol\u00eda<br \/>por culpa de aquel cazador.<\/p>\n<p style=\"text-align: center;\">Al que mata a los pajarillos<br \/>le brotar\u00e1 en el coraz\u00f3n<br \/>una bala de hielo negro<br \/>y un remolino de dolor.<br \/>Ay ay la escopetita verde,<br \/>ay ay mi marido Pint\u00f3n.<\/p>\n<p>[\/et_pb_text][\/et_pb_column][\/et_pb_row][\/et_pb_section][et_pb_section fb_built=&#8221;1&#8243; admin_label=&#8221;Popup &#8211; #unapelicula&#8221; module_id=&#8221;unapelicula&#8221; module_class=&#8221;popup&#8221; _builder_version=&#8221;4.18.0&#8243; _module_preset=&#8221;default&#8221; width=&#8221;29%&#8221; da_is_popup=&#8221;on&#8221; da_popup_slug=&#8221;unapelicula&#8221; da_disable_devices=&#8221;off|off|off&#8221; global_colors_info=&#8221;{}&#8221; da_exit_intent=&#8221;off&#8221; da_has_close=&#8221;on&#8221; da_alt_close=&#8221;off&#8221; da_dark_close=&#8221;off&#8221; da_not_modal=&#8221;on&#8221; da_is_singular=&#8221;off&#8221; da_with_loader=&#8221;off&#8221; da_has_shadow=&#8221;on&#8221;][et_pb_row _builder_version=&#8221;4.18.0&#8243; _module_preset=&#8221;default&#8221; global_colors_info=&#8221;{}&#8221;][et_pb_column type=&#8221;4_4&#8243; _builder_version=&#8221;4.18.0&#8243; _module_preset=&#8221;default&#8221; global_colors_info=&#8221;{}&#8221;][et_pb_text _builder_version=&#8221;4.18.0&#8243; _module_preset=&#8221;default&#8221; text_font=&#8221;EB Garamond||||||||&#8221; global_colors_info=&#8221;{}&#8221;]<\/p>\n<p style=\"text-align: center;\"><b>Una pel\u00edcula\u00a0<br \/><\/b><span style=\"font-weight: 400;\">L y M: Mar\u00eda Pien\u00a0<\/span><\/p>\n<p style=\"text-align: center;\"><span style=\"font-weight: 400;\">Aura fantasmal<br \/><\/span><span style=\"font-weight: 400;\">que vienes a buscarme y<br \/><\/span><span style=\"font-weight: 400;\">yo no s\u00e9 si en verdad<br \/><\/span><span style=\"font-weight: 400;\">\u00bfse trata de m\u00ed,<br \/><\/span><span style=\"font-weight: 400;\">o se trata de qu\u00e9?<\/span><\/p>\n<p style=\"text-align: center;\"><span style=\"font-weight: 400;\">Esta sensaci\u00f3n<br \/><\/span><span style=\"font-weight: 400;\">me invade todo el cuerpo y<br \/><\/span><span style=\"font-weight: 400;\">yo no s\u00e9 qu\u00e9 querr\u00e1,<br \/><\/span><span style=\"font-weight: 400;\">qu\u00e9 querr\u00e1 decir&#8230;<\/span><\/p>\n<p style=\"text-align: center;\"><span style=\"font-weight: 400;\">\u00bfC\u00f3mo est\u00e1s?<br \/><\/span><span style=\"font-weight: 400;\">voy a dejarte entrar<br \/><\/span><span style=\"font-weight: 400;\">abrir para escuchar<br \/><\/span><span style=\"font-weight: 400;\">estar ac\u00e1<\/span><\/p>\n<p style=\"text-align: center;\"><span style=\"font-weight: 400;\">Esto que vi, que es nuestro,<br \/><\/span><span style=\"font-weight: 400;\">no lo quiero llevar<br \/><\/span><span style=\"font-weight: 400;\">a donde voy, presiento<br \/><\/span><span style=\"font-weight: 400;\">no voy a necesitar<br \/><\/span><span style=\"font-weight: 400;\">crucificar<br \/><\/span><span style=\"font-weight: 400;\">amplificar lo que me hace mal<br \/><\/span><span style=\"font-weight: 400;\">justificar lo que me hace mal<\/span><\/p>\n<p style=\"text-align: center;\"><span style=\"font-weight: 400;\">Pienso descifrar,<br \/><\/span><span style=\"font-weight: 400;\">lo pienso y me doy cuenta<br \/><\/span><span style=\"font-weight: 400;\">no me sirve pensar:<br \/><\/span><span style=\"font-weight: 400;\">me salgo de m\u00ed y ya no conecto<\/span><\/p>\n<p style=\"text-align: center;\"><span style=\"font-weight: 400;\">Esa sensaci\u00f3n<br \/><\/span><span style=\"font-weight: 400;\">me invade todo el cuerpo y<br \/><\/span><span style=\"font-weight: 400;\">yo no s\u00e9 qu\u00e9 querr\u00e1,<br \/><\/span><span style=\"font-weight: 400;\">qu\u00e9 querr\u00e1 decir&#8230;<\/span><\/p>\n<p style=\"text-align: center;\"><span style=\"font-weight: 400;\">Transformar<br \/><\/span><span style=\"font-weight: 400;\">la forma de mirar<br \/><\/span><span style=\"font-weight: 400;\">para poder jugar<br \/><\/span><span style=\"font-weight: 400;\">sin lastimar<\/span><\/p>\n<p style=\"text-align: center;\"><span style=\"font-weight: 400;\">Es que esto que vi, que es nuestro,<br \/><\/span><span style=\"font-weight: 400;\">no lo quiero llevar<br \/><\/span><span style=\"font-weight: 400;\">a donde voy, presiento<br \/><\/span><span style=\"font-weight: 400;\">no voy a necesitar<br \/><\/span><span style=\"font-weight: 400;\">crucificar<br \/><\/span><span style=\"font-weight: 400;\">amplificar lo que me hace mal<br \/><\/span><span style=\"font-weight: 400;\">distorsionar lo que me hace mal<br \/><\/span><span style=\"font-weight: 400;\">justificar lo que me hace mal<\/span><\/p>\n<p style=\"text-align: center;\"><span style=\"font-weight: 400;\">Es como una pel\u00edcula<\/span><\/p>\n<p style=\"text-align: center;\"><b>Para ver\u00a0<br \/><\/b><span style=\"font-weight: 400;\">L y M: Mar\u00eda Pien\u00a0<\/span><\/p>\n<p style=\"text-align: center;\"><span style=\"font-weight: 400;\">ya ten\u00e9s la fuerza<br \/><\/span><span style=\"font-weight: 400;\">para ver lo que hay que ver\u00a0<\/span><\/p>\n<p>[\/et_pb_text][\/et_pb_column][\/et_pb_row][\/et_pb_section][et_pb_section fb_built=&#8221;1&#8243; admin_label=&#8221;Popup &#8211; #porcadaunx&#8221; module_id=&#8221;porcadaunx&#8221; module_class=&#8221;popup&#8221; _builder_version=&#8221;4.18.0&#8243; _module_preset=&#8221;default&#8221; width=&#8221;29%&#8221; da_is_popup=&#8221;on&#8221; da_popup_slug=&#8221;porcadaunx&#8221; da_disable_devices=&#8221;off|off|off&#8221; global_colors_info=&#8221;{}&#8221; da_exit_intent=&#8221;off&#8221; da_has_close=&#8221;on&#8221; da_alt_close=&#8221;off&#8221; da_dark_close=&#8221;off&#8221; da_not_modal=&#8221;on&#8221; da_is_singular=&#8221;off&#8221; da_with_loader=&#8221;off&#8221; da_has_shadow=&#8221;on&#8221;][et_pb_row _builder_version=&#8221;4.18.0&#8243; _module_preset=&#8221;default&#8221; global_colors_info=&#8221;{}&#8221;][et_pb_column type=&#8221;4_4&#8243; _builder_version=&#8221;4.18.0&#8243; _module_preset=&#8221;default&#8221; global_colors_info=&#8221;{}&#8221;][et_pb_text _builder_version=&#8221;4.18.0&#8243; _module_preset=&#8221;default&#8221; text_font=&#8221;EB Garamond||||||||&#8221; global_colors_info=&#8221;{}&#8221;]<\/p>\n<div class=\"tralbumData lyricsText\" style=\"text-align: center;\">A la hora de la siesta y<br \/>\nde madrugada,<br \/>\nen la esquina de mi casa o<br \/>\nen mi habitaci\u00f3n,<br \/>\nen pasillos de oficinas<br \/>\ny en camarines,<br \/>\ny en los jardines<br \/>\nde infantes<br \/>\ny salas de confesi\u00f3n<\/p>\n<p>cada vez que abro la puerta<br \/>\nme acecha una sombra<br \/>\nque se sabe camuflar<br \/>\nfrente a los dem\u00e1s,<br \/>\npasa por tipo decente,<br \/>\no profe copado,<br \/>\nse\u00f1or diputado,<br \/>\nes mi primo<br \/>\no el novio de mi mam\u00e1<\/p>\n<p>\u00bfy si no tengo palabras para lo que siento?<br \/>\n\u00bfy si me muerdo la boca para no llorar?<br \/>\nsi cada vez que lo cuento<br \/>\nme muero por dentro,<br \/>\ndec\u00eds &#8220;no te creo&#8221;,<br \/>\n\u00bfno ves que la culpa<br \/>\nnunca fue m\u00eda? <\/p>\n<p>tantas,<br \/>\ntantas y tantas hermanas<br \/>\nque no las puedo contar<br \/>\npor cada una de ellas<br \/>\nvamos a luchar <\/p>\n<p>Parece que en este juego<br \/>\nperverso y macabro<br \/>\nhay dos roles asignados<br \/>\nque no hay que tocar<br \/>\npero se est\u00e1 revelando<br \/>\nque ah\u00ed est\u00e1 la trampa,<br \/>\nes la c\u00e1rcel binaria:<br \/>\nni buena ni mala,<br \/>\nv\u00edctima<br \/>\nnunca m\u00e1s<\/p>\n<p>y donde no haya palabras<br \/>\nvamos a inventarlas,<br \/>\npara transformar la mierda<br \/>\nhabr\u00e1 que nombrar,<br \/>\ny con nuestras propias reglas<br \/>\ny en nuestras manadas<br \/>\ndar voz a las llagas,<br \/>\nhasta que se caiga<br \/>\nla \u00faltima careta <\/p>\n<p>Tantas, tantas<br \/>\ny tantas hermanas<br \/>\nque no las puedo contar<br \/>\npor cada<br \/>\nune de elles<br \/>\nvamos a cantar<br \/>\nr<\/p><\/div>\n<p>[\/et_pb_text][\/et_pb_column][\/et_pb_row][\/et_pb_section][et_pb_section fb_built=&#8221;1&#8243; admin_label=&#8221;Popup &#8211; #afueraelsolestalla&#8221; module_id=&#8221;afueraelsolestalla&#8221; module_class=&#8221;popup&#8221; _builder_version=&#8221;4.18.0&#8243; _module_preset=&#8221;default&#8221; width=&#8221;29%&#8221; da_is_popup=&#8221;on&#8221; da_popup_slug=&#8221;afueraelsolestalla&#8221; da_disable_devices=&#8221;off|off|off&#8221; global_colors_info=&#8221;{}&#8221; da_exit_intent=&#8221;off&#8221; da_has_close=&#8221;on&#8221; da_alt_close=&#8221;off&#8221; da_dark_close=&#8221;off&#8221; da_not_modal=&#8221;on&#8221; da_is_singular=&#8221;off&#8221; da_with_loader=&#8221;off&#8221; da_has_shadow=&#8221;on&#8221;][et_pb_row _builder_version=&#8221;4.18.0&#8243; _module_preset=&#8221;default&#8221; global_colors_info=&#8221;{}&#8221;][et_pb_column type=&#8221;4_4&#8243; _builder_version=&#8221;4.18.0&#8243; _module_preset=&#8221;default&#8221; global_colors_info=&#8221;{}&#8221;][et_pb_text _builder_version=&#8221;4.18.0&#8243; _module_preset=&#8221;default&#8221; text_font=&#8221;EB Garamond||||||||&#8221; global_colors_info=&#8221;{}&#8221;][\/et_pb_text][et_pb_text _builder_version=&#8221;4.18.0&#8243; _module_preset=&#8221;default&#8221; text_font=&#8221;EB Garamond||||||||&#8221; global_colors_info=&#8221;{}&#8221;]<\/p>\n<p style=\"text-align: center;\"><strong>Porquer\u00eda<br \/><\/strong>L y M: Rodrigo Ruiz D\u00edaz (Chaucoco!)<\/p>\n<p style=\"text-align: center;\">Seguir as\u00ed, mint\u00e9ndome,<br \/>volviendo a ese lugar en donde no hay salida.<\/p>\n<p style=\"text-align: center;\">\u00bfPor qu\u00e9 cambiar las reglas que<br \/>nos hacen respetar al que te humilla?<\/p>\n<p style=\"text-align: center;\">Me est\u00e1s mintiendo,<br \/>no est\u00e1s dando una respuesta que me sirva.<br \/>Afuera el sol estalla<br \/>y sigo ac\u00e1 encerrada en la m\u00eda.<\/p>\n<p style=\"text-align: center;\">Me est\u00e1s midiendo todo el tiempo<br \/>y s\u00f3lo espero esa pi\u00f1a<br \/>que me despierte y me haga ver.<\/p>\n<p style=\"text-align: center;\">\u00bfPor qu\u00e9 intentar seguir tu fe?<br \/>No ves que est\u00e1s como una piedra fr\u00eda<\/p>\n<p style=\"text-align: center;\">Igual est\u00e1 la parte que recibir\u00e1s<br \/>por ser tan porquer\u00eda.<\/p>\n<p style=\"text-align: center;\">Me est\u00e1s mintiendo,<br \/>no est\u00e1s dando una respuesta que me sirva.<br \/>Afuera el sol estalla<br \/>y sigo ac\u00e1 encerrada en la m\u00eda.<\/p>\n<p style=\"text-align: center;\">Me est\u00e1s midiendo todo el tiempo<br \/>y s\u00f3lo espero esa pi\u00f1a<br \/>que me despierte y me haga verte.<\/p>\n<p style=\"text-align: center;\">\n<p style=\"text-align: center;\"><strong>M\u00fasica de besos<\/strong><br \/>L y M: Lucila Pivetta<\/p>\n<p style=\"text-align: center;\">Una vez vi pasar el amor<br \/>caminaba despacio con un nudo en el pecho<br \/>ah, luz esquiva y final<br \/>un remolino de viento helado<\/p>\n<p style=\"text-align: center;\">la distancia no era casual<br \/>y marc\u00f3 transparente aquel punto en la casa<br \/>ya no sab\u00eda qu\u00e9 decir<br \/>ya no sab\u00eda m\u00e1s nada<\/p>\n<p style=\"text-align: center;\">Ay! quiero sentir nada m\u00e1s<br \/>ese calor de verano en el pecho<br \/>el aire para respirar<br \/>m\u00fasica de besos<\/p>\n<p style=\"text-align: center;\">Una vez pude sentir el gris<br \/>y bucear con cuidado por aquellos rincones olvidados<br \/>ya no sent\u00eda tanto miedo<br \/>m\u00e1s bien un cosquilleo<\/p>\n<p style=\"text-align: center;\">Ay! quiero sentir nada m\u00e1s<br \/>ese calor de febrero en el pecho<br \/>el aire para respirar<br \/>m\u00fasica de besos<\/p>\n<p style=\"text-align: center;\">\n<p style=\"text-align: center;\"><strong>Caminata por el Cosmos<\/strong><br \/>L y M: Guli<\/p>\n<p style=\"text-align: center;\">En la Tierra encontrarnos,<br \/>fue un camino intenso,<br \/>y ahora que somos amor,<br \/>lo que recuerdo es inmenso.<\/p>\n<p style=\"text-align: center;\">Vi detr\u00e1s del Sol,<br \/>me envolv\u00ed de fuego,<br \/>y flot\u00e9 en tu respiraci\u00f3n.<\/p>\n<p style=\"text-align: center;\">Desaparec\u00ed, y no s\u00e9 bien por qu\u00e9<\/p>\n<p style=\"text-align: center;\">En el Cosmos encontrarnos hoy,<br \/>fue un momento intenso,<br \/>tanto espacio esper\u00e1ndonos,<br \/>entre nostalgia, tiempo y luz.<\/p>\n<p style=\"text-align: center;\">Vi detr\u00e1s del Sol<br \/>unas cuantas veces,<br \/>pero igual mantuve mi visi\u00f3n<\/p>\n<p style=\"text-align: center;\">Desaparecimos,<br \/>y s\u00e9 muy bien por qu\u00e9<\/p>\n<p style=\"text-align: center;\">\n<p style=\"text-align: center;\"><strong>Pedir la claridad<\/strong><br \/>L y M: Noelia Recalde (Valb\u00e8)<\/p>\n<p style=\"text-align: center;\">\u00bfQui\u00e9n puede impedir la alegr\u00eda<br \/>de nosotros, de mi?<br \/>oh! \u00bfqui\u00e9n quiere salir al sol<br \/>a pedir la claridad?<br \/>quiz\u00e1s eso nos encamine<br \/>hacia alg\u00fan lugar.<\/p>\n<p style=\"text-align: center;\">\u00bfQuien quiere morir la poes\u00eda<br \/>ignorando la luz?<br \/>no digamos que no a las flores,<br \/>as\u00ed no crecer\u00e1n,<br \/>y al final nos iremos solos,<br \/>sin amor de verdad.<\/p>\n<p style=\"text-align: center;\">El fondo de mi coraz\u00f3n<br \/>quiere ver, quiere ver,<br \/>el fondo de mi coraz\u00f3n<\/p>\n<p style=\"text-align: center;\">\u00bfQuien quiere viajar por las sombras,<br \/>no saber donde ir?<br \/>no alejemos lo que nos une<br \/>de la fuente del sol,<br \/>mantener las manos unidas<br \/>y llevarnos mejor<\/p>\n<p style=\"text-align: center;\">El fondo de mi coraz\u00f3n<br \/>quiere ver, quiere ver,<br \/>el fondo de mi coraz\u00f3n<\/p>\n<p style=\"text-align: center;\">\n<p style=\"text-align: center;\"><strong>Vac\u00edo abundante<\/strong><br \/>L y M: Rodrigo Carazo<\/p>\n<p style=\"text-align: center;\">\u00bfQu\u00e9 pensar\u00e1s cuando mir\u00e1s,<br \/>cuando tus manos tiemblan sin paz?<\/p>\n<p style=\"text-align: center;\">S\u00f3lo soltando el miedo te desatar\u00e1s,<br \/>en ese vac\u00edo abundante dan ganas de amar<\/p>\n<p style=\"text-align: center;\">Pienso tal vez, sue\u00f1o quiz\u00e1s<br \/>con que mis manos te hagan pasar<\/p>\n<p style=\"text-align: center;\">Cuando los cuerpos se encuentren con todo su ser<br \/>y no haya m\u00e1s laberintos para recorrer<\/p>\n<p style=\"text-align: center;\">Sabes que s\u00ed, ya no hay m\u00e1s cruz<br \/>en los abrazos te espera la luz<\/p>\n<p style=\"text-align: center;\">\n<p style=\"text-align: center;\"><strong>Hermanos<\/strong><br \/>L y M: Botis (Leandro Mach\u00edn)<\/p>\n<p style=\"text-align: center;\">Son seres extra\u00f1os los hermanos<br \/>destellos de una misma puerta al tiempo<br \/>algunos se recuerdan, son amigos<br \/>otros se reconocen en silencio<\/p>\n<p style=\"text-align: center;\">En su sangre nadan peces de colores<br \/>colores que se esconden tras reflejos<br \/>espejos que atesoran a su estrella<br \/>jugando en la azotea del planeta<\/p>\n<p style=\"text-align: center;\">Hermano\u2026<br \/>Hermano\u2026<\/p>\n<p style=\"text-align: center;\">A veces tan dif\u00edcil abrazarlos<br \/>a veces tan dif\u00edcil comprenderlos<br \/>pero el hielo da\u00f1a aquel espejo<br \/>los peces de colores se vuelven fuego<\/p>\n<p style=\"text-align: center;\">Hermano\u2026<br \/>Hermano\u2026<\/p>\n<p style=\"text-align: center;\">Tal vez nos encontremos en otros d\u00edas<br \/>misteriosos compa\u00f1eros de esta vida<br \/>misteriosos compa\u00f1eros de esta vida<br \/>misteriosos compa\u00f1eros<\/p>\n<p style=\"text-align: center;\">\n<p style=\"text-align: center;\"><strong>Vino viniendo<\/strong><br \/>L y M: Clara Presta<\/p>\n<p style=\"text-align: center;\">Vino de nunca<br \/>vino de nada<br \/>como un clamor que me ensordeci\u00f3<\/p>\n<p style=\"text-align: center;\">Vino del cielo<br \/>como en un sue\u00f1o<br \/>o del infierno lleno de ardor<\/p>\n<p style=\"text-align: center;\">Vino de lejos<br \/>sin darme tiempo<br \/>llenando espacios<br \/>me posey\u00f3<\/p>\n<p style=\"text-align: center;\">Sin dar permiso<br \/>no fue pedida<br \/>sin reverencia<br \/>y sin control<\/p>\n<p style=\"text-align: center;\">Vino viniendo<br \/>sin miramientos<br \/>due\u00f1a de todo<br \/>llev\u00f3 su voz<\/p>\n<p style=\"text-align: center;\">ay ay ay ay<br \/>se lo llev\u00f3<\/p>\n<p style=\"text-align: center;\">\n<p style=\"text-align: center;\"><strong>Agradezco<\/strong><br \/>L y M: Nik\u00e9 Rallis<\/p>\n<p style=\"text-align: center;\">No quiero saber de d\u00f3nde ven\u00eds,<br \/>ni quiero saber para d\u00f3nde vas:<br \/>quiero saber porque est\u00e1s aqu\u00ed,<br \/>por qu\u00e9 te fuiste de tu lugar<\/p>\n<p style=\"text-align: center;\">\u00bfCu\u00e1l es la tristeza que traes hasta ac\u00e1?<br \/>Tus ojos me dicen no pod\u00e9s llorar<br \/>pero tu sonrisa me dice que igual<br \/>es buen momento para caminar<\/p>\n<p style=\"text-align: center;\">Agradezco a esta tierra reseca<br \/>la monta\u00f1a nos supo abrazar.<br \/>La gigante reuni\u00f3n de las piedras<br \/>esconde ternura y fragilidad<\/p>\n<p style=\"text-align: center;\">Agradezco con mi torre de piedras<br \/>agradezco y recuerdo a mi pap\u00e1.<br \/>Mis hermanos y mi m\u00e1 est\u00e1n lejos<br \/>pero pronto los voy a abrazar<\/p>\n<p style=\"text-align: center;\">Caminos que cansan la espalda y las piernas,<br \/>mochilas que pesan hasta descargar,<br \/>descanso obligado a<br \/>la orilla del lago:<br \/>es buen momento para pensar<\/p>\n<p style=\"text-align: center;\">No hay nada m\u00e1s alto que nosotros dos,<br \/>el viento quisiera tumbarnos ac\u00e1.<br \/>Pero no hay caso: estamos en paz&#8230;<br \/>\u00a1Pero nunca quietos! \u00a1Movilidad!<\/p>\n<p style=\"text-align: center;\">Agradezco a esta tierra reseca<br \/>la monta\u00f1a nos supo abrazar.<br \/>La gigante reuni\u00f3n de las piedras<br \/>esconde ternura y fragilidad<\/p>\n<p style=\"text-align: center;\">Agradezco con mi torre de piedras<br \/>agradezco y recuerdo a mi pap\u00e1.<br \/>Mis hermanos y mi m\u00e1 est\u00e1n lejos<br \/>pero pronto los voy a abrazar<\/p>\n<p style=\"text-align: center;\">\n<p style=\"text-align: center;\"><strong>Mecer<\/strong><br \/>L y M: Jeannine Martin<\/p>\n<p style=\"text-align: center;\">mecer<br \/>caer<br \/>brotar<br \/>girar<br \/>volver<br \/>besar<br \/>mirar<br \/>cuidar<\/p>\n<p style=\"text-align: center;\">pender<br \/>colgar<br \/>mecer<br \/>mover<br \/>querer<br \/>flotar<br \/>jugar<\/p>\n<p style=\"text-align: center;\">ver\u00e1s quiz\u00e1s<br \/>te ir\u00e1s, te ir\u00e1s<br \/>quiz\u00e1s sin prisa<br \/>regres\u00e1s<\/p>\n<p style=\"text-align: center;\">campanada de aire<br \/>p\u00e1jaro que sabe<\/p>\n<p style=\"text-align: center;\">mecer<br \/>caer<br \/>brotar<br \/>girar<br \/>volver<br \/>besar<br \/>mirar<br \/>cuidar<\/p>\n<p style=\"text-align: center;\">pender<br \/>colgar<br \/>mecer<br \/>mover<br \/>querer<br \/>flotar<br \/>jugar<\/p>\n<p style=\"text-align: center;\">tengo en los pies un jard\u00edn<br \/>que es para vos<br \/>para vos<\/p>\n<p style=\"text-align: center;\">y si no est\u00e1s<br \/>yo mientras me voy floreciendo<br \/>cuando vengas<br \/>vamos<br \/>a juntar todas mis flores<br \/>para vos<br \/>para vos<br \/>para vos<\/p>\n<p style=\"text-align: center;\">mecer<br \/>caer<br \/>brotar<br \/>girar<br \/>volver<br \/>besar<br \/>mirar<br \/>cuidar<\/p>\n<p style=\"text-align: center;\">\n<p style=\"text-align: center;\"><strong>AEIOU<\/strong><br \/>L y M: Candelaria Zamar<\/p>\n<p style=\"text-align: center;\">A<\/p>\n<p style=\"text-align: center;\">E<\/p>\n<p style=\"text-align: center;\">I<\/p>\n<p style=\"text-align: center;\">O<\/p>\n<p style=\"text-align: center;\">U<\/p>\n<p style=\"text-align: center;\">\n<p style=\"text-align: center;\"><strong>Entre dos rel\u00e1mpagos<\/strong><\/p>\n<p style=\"text-align: center;\">Entre dos rel\u00e1mpagos<br \/>act\u00faa como un succionador<br \/>hacia otro mundo,<br \/>su curso en el vac\u00edo<\/p>\n<p style=\"text-align: center;\">Las olas directamente a la noche<br \/>sin pescador ni remo, sin ballenas<br \/>ensue\u00f1o sin br\u00fajula<\/p>\n<p style=\"text-align: center;\">Una pregunta en plural<br \/>oculta en la oscuridad<br \/>del camino hacia m\u00ed,<br \/>abandono mi desierto<br \/>y sue\u00f1o con vos<\/p>\n<p style=\"text-align: center;\">Coraz\u00f3n que dejar\u00e1 de latir si no ven\u00eds,<br \/>si mi cuerpo no te cobija<br \/>final de este sue\u00f1o, y<\/p>\n<p style=\"text-align: center;\">una pregunta en plural<br \/>oculta en la oscuridad<br \/>del camino hacia m\u00ed,<br \/>abandono mi recuerdo<br \/>y sue\u00f1o con<\/p>\n<p style=\"text-align: center;\">una pregunta en plural<br \/>oculta en la oscuridad<br \/>del camino hacia m\u00ed,<br \/>abandono mi silencio<br \/>y sue\u00f1o con vos<\/p>\n<p style=\"text-align: center;\">\n<p style=\"text-align: center;\"><strong>Maria Flojera<\/strong><br \/>L y M: Mar\u00eda Laura Bustamante (Alejandro y Mar\u00eda Laura)<\/p>\n<p style=\"text-align: center;\">Maria Flojera<br \/>viene de visita cada vez que se ratea (*)<br \/>ring ring<br \/>el timbre se queda dormido<\/p>\n<p style=\"text-align: center;\">Maria Flojera<br \/>deja que sus u\u00f1as crezcan como enredaderas<br \/>y siente amor por las criaturas que habitan en ellas<\/p>\n<p style=\"text-align: center;\">Mar\u00eda vive bostezando<br \/>vive so\u00f1ando con dormir<br \/>y se imagina que una larga noche<br \/>podr\u00e1 so\u00f1ar hasta morir<\/p>\n<p style=\"text-align: center;\">Mar\u00eda quisiera despertar un d\u00eda<br \/>y estar llena energ\u00eda<br \/>y as\u00ed poder<br \/>bajar la escalera de un salto<br \/>conseguir un trabajo de medio tiempo<br \/>volver a la escuela nocturna<br \/>lavar los platos<br \/>tocar el viol\u00edn<br \/>poner el mundo de cabeza<br \/>de cabeza<br \/>y al fin desterrar a Mar\u00eda Pereza<\/p>\n<p style=\"text-align: center;\">(*) en la versi\u00f3n original dice &#8220;cuando se tira la pera&#8221;, que en Per\u00fa quiere decir pr\u00e1cticamente lo mismo que &#8220;ratearse&#8221;<\/p>\n<p style=\"text-align: center;\">\n<p style=\"text-align: center;\"><strong>Newton y las palabras<\/strong><br \/>L y M: Mar\u00eda Pien<\/p>\n<p style=\"text-align: center;\">yo quisiera que este viento<br \/>me llevara muy<br \/>muy lejos<\/p>\n<p style=\"text-align: center;\">yo quisiera que estas palabras<br \/>se trasladaran<br \/>ellas livianas<br \/>no est\u00e1n atadas<br \/>a la ley de gravedad<\/p>\n<p style=\"text-align: center;\">y al final<br \/>no se van:<\/p>\n<p style=\"text-align: center;\">se quedar\u00e1n<br \/>para mirar<br \/>como el viento<br \/>me hace<br \/>d<br \/>e<br \/>s<br \/>p<br \/>e<br \/>g<br \/>a<br \/>r<\/p>\n<p style=\"text-align: center;\">\n<p style=\"text-align: center;\"><strong>Cuando te canto<\/strong><br \/>L y M: Agust\u00edn Bucich<\/p>\n<p style=\"text-align: center;\">Hola mundo, \u00bfc\u00f3mo est\u00e1s?<br \/>hoy te vengo a respirar<br \/>desde esta dimensi\u00f3n<br \/>que el Sol nos dio a los dos.<\/p>\n<p style=\"text-align: center;\">No tengo miedo<br \/>cuando te canto a vos<br \/>No desespero (*)<\/p>\n<p style=\"text-align: center;\">Un secreto universal<br \/>podr\u00eda quitarte el mar.<br \/>No lo quiero imaginar<br \/>y en este lugar real<br \/>yo s\u00e9<br \/>que esto es amor.<\/p>\n<p style=\"text-align: center;\">No tengo miedo<br \/>cuando te canto, amor.<br \/>No desespero<\/p>\n<p style=\"text-align: center;\">(*) la versi\u00f3n original dice &#8220;no desesperes&#8221;<\/p>\n<p>[\/et_pb_text][\/et_pb_column][\/et_pb_row][\/et_pb_section][et_pb_section fb_built=&#8221;1&#8243; admin_label=&#8221;Popup &#8211; #trespoemas&#8221; module_id=&#8221;trespoemas&#8221; module_class=&#8221;popup&#8221; _builder_version=&#8221;4.18.0&#8243; _module_preset=&#8221;default&#8221; width=&#8221;29%&#8221; da_is_popup=&#8221;on&#8221; da_popup_slug=&#8221;trespoemas&#8221; da_disable_devices=&#8221;off|off|off&#8221; global_colors_info=&#8221;{}&#8221; da_exit_intent=&#8221;off&#8221; da_has_close=&#8221;on&#8221; da_alt_close=&#8221;off&#8221; da_dark_close=&#8221;off&#8221; da_not_modal=&#8221;on&#8221; da_is_singular=&#8221;off&#8221; da_with_loader=&#8221;off&#8221; da_has_shadow=&#8221;on&#8221;][et_pb_row _builder_version=&#8221;4.18.0&#8243; _module_preset=&#8221;default&#8221; global_colors_info=&#8221;{}&#8221;][et_pb_column type=&#8221;4_4&#8243; _builder_version=&#8221;4.18.0&#8243; _module_preset=&#8221;default&#8221; global_colors_info=&#8221;{}&#8221;][et_pb_text _builder_version=&#8221;4.18.0&#8243; _module_preset=&#8221;default&#8221; text_font=&#8221;EB Garamond||||||||&#8221; global_colors_info=&#8221;{}&#8221;]<\/p>\n<p style=\"text-align: left;\"><b>1. <br \/><\/b><strong>Discrepancias \/ Circe Maia (Uruguay)\u00a0<\/strong><\/p>\n<p style=\"text-align: left;\"><span style=\"font-weight: 400;\">Dice la voz de la lluvia:<br \/><\/span><span style=\"font-weight: 400;\">-Soy la misma de hace mil a\u00f1os<br \/><\/span><span style=\"font-weight: 400;\">y de aqu\u00ed a otros mil, ser\u00e9 la misma.<\/span><\/p>\n<p style=\"text-align: left;\"><span style=\"font-weight: 400;\">Pero una gota, rota en la ventana,<br \/><\/span><span style=\"font-weight: 400;\">no est\u00e1 de acuerdo.<\/span><\/p>\n<p style=\"text-align: left;\"><b>2.<br \/><\/b><strong>the lesson of the falling leaves \/ Lucille Clifton (Estados Unidos)\u00a0<\/strong><\/p>\n<p style=\"text-align: left;\"><span style=\"font-weight: 400;\">the leaves believe<br \/><\/span><span style=\"font-weight: 400;\">such letting go is love<br \/><\/span><span style=\"font-weight: 400;\">such love is faith<br \/><\/span><span style=\"font-weight: 400;\">such faith is grace<br \/><\/span><span style=\"font-weight: 400;\">such grace is god<br \/><\/span><span style=\"font-weight: 400;\">i agree with the leaves<\/span><\/p>\n<p style=\"text-align: left;\"><span style=\"font-weight: 400;\">\/\/\u00a0<\/span><\/p>\n<p style=\"text-align: left;\"><strong>lecci\u00f3n de las hojas que caen<\/strong><\/p>\n<p style=\"text-align: left;\"><span style=\"font-weight: 400;\">las hojas creen<br \/><\/span><span style=\"font-weight: 400;\">que dejar ir as\u00ed es amor<br \/><\/span><span style=\"font-weight: 400;\">que ese amor es fe<br \/><\/span><span style=\"font-weight: 400;\">que esa fe es gracia<br \/><\/span><span style=\"font-weight: 400;\">que esa gracia es dios<br \/><\/span><span style=\"font-weight: 400;\">concuerdo con ellas<\/span><\/p>\n<p style=\"text-align: left;\"><b>3.<br \/><\/b><strong>Les Souffles \/ Birago Diop (Senegal)\u00a0<\/strong><\/p>\n<p style=\"text-align: left;\"><span style=\"font-weight: 400;\">\u00c9coute plus souvent<br \/><\/span><span style=\"font-weight: 400;\">Les Choses que les \u00catres<br \/><\/span><span style=\"font-weight: 400;\">La Voix du Feu s\u2019entend,<br \/><\/span><span style=\"font-weight: 400;\">Entends la Voix de l\u2019Eau.<br \/><\/span><span style=\"font-weight: 400;\">Ecoute dans le Vent Le Buisson en sanglots :<br \/><\/span><span style=\"font-weight: 400;\">C\u2019est le Souffle des anc\u00eatres.<\/span><\/p>\n<p style=\"text-align: left;\"><span style=\"font-weight: 400;\">Ceux qui sont morts ne sont jamais partis :<br \/><\/span><span style=\"font-weight: 400;\">Ils sont dans l\u2019Ombre qui s\u2019\u00e9claire<br \/><\/span><span style=\"font-weight: 400;\">Et dans l\u2019ombre qui s\u2019\u00e9paissit.<br \/><\/span><span style=\"font-weight: 400;\">Les Morts ne sont pas sous la Terre :<br \/><\/span><span style=\"font-weight: 400;\">Ils sont dans l\u2019Arbre qui fr\u00e9mit,<br \/><\/span><span style=\"font-weight: 400;\">Ils sont dans le Bois qui g\u00e9mit,<br \/><\/span><span style=\"font-weight: 400;\">Ils sont dans l\u2019Eau qui coule,<br \/><\/span><span style=\"font-weight: 400;\">Ils sont dans l\u2019Eau qui dort,<br \/><\/span><span style=\"font-weight: 400;\">Ils sont dans la Case, ils sont dans la Foule :<br \/><\/span><span style=\"font-weight: 400;\">Les Morts ne sont pas morts.<\/span><\/p>\n<p style=\"text-align: left;\"><span style=\"font-weight: 400;\">\u00c9coute plus souvent<br \/><\/span><span style=\"font-weight: 400;\">Les Choses que les \u00catres<br \/><\/span><span style=\"font-weight: 400;\">La Voix du Feu s\u2019entend,<br \/><\/span><span style=\"font-weight: 400;\">Entends la Voix de l\u2019Eau.<br \/><\/span><span style=\"font-weight: 400;\">Ecoute dans le Vent<br \/><\/span><span style=\"font-weight: 400;\">Le Buisson en sanglots :<br \/><\/span><span style=\"font-weight: 400;\">C\u2019est le Souffle des Anc\u00eatres morts,<br \/><\/span><span style=\"font-weight: 400;\">Qui ne sont pas partis<\/span><span style=\"font-weight: 400;\">Qui ne sont pas sous la Terre<br \/><\/span><span style=\"font-weight: 400;\">Qui ne sont pas morts.<\/span><\/p>\n<p style=\"text-align: left;\"><span style=\"font-weight: 400;\">\/\/<\/span><\/p>\n<p style=\"text-align: left;\"><strong>Los alientos<\/strong><\/p>\n<p style=\"text-align: left;\"><span style=\"font-weight: 400;\">Prest\u00e1 m\u00e1s atenci\u00f3n<br \/><\/span><span style=\"font-weight: 400;\">A las cosas que a los seres,<br \/><\/span><span style=\"font-weight: 400;\">La voz del fuego se oye,<br \/><\/span><span style=\"font-weight: 400;\">oye la voz del agua,<br \/><\/span><span style=\"font-weight: 400;\">Escucha en el viento<br \/><\/span><span style=\"font-weight: 400;\">Al matorral sollozando:<br \/><\/span><span style=\"font-weight: 400;\">Es el aliento de los ancestros.<br \/><\/span><span style=\"font-weight: 400;\">Aquellos que han muerto no se han ido nunca:<br \/><\/span><span style=\"font-weight: 400;\">Est\u00e1n en la sombra que se alumbra<br \/><\/span><span style=\"font-weight: 400;\">Y en la sombra que se espesa,<br \/><\/span><span style=\"font-weight: 400;\">Los muertos no est\u00e1n bajo la tierra<br \/><\/span><span style=\"font-weight: 400;\">Est\u00e1n en el \u00e1rbol que se estremece,<br \/><\/span><span style=\"font-weight: 400;\">Est\u00e1n en la madera que gime,<br \/><\/span><span style=\"font-weight: 400;\">Est\u00e1n en el agua que corre,<br \/><\/span><span style=\"font-weight: 400;\">Est\u00e1n en el agua que duerme,<br \/><\/span><span style=\"font-weight: 400;\">Est\u00e1n en la casa, est\u00e1n en la multitud:<br \/><\/span><span style=\"font-weight: 400;\">Los muertos no est\u00e1n muertos.<\/span><\/p>\n<p style=\"text-align: left;\"><span style=\"font-weight: 400;\">Prest\u00e1 m\u00e1s atenci\u00f3n<br \/><\/span><span style=\"font-weight: 400;\">A las cosas que a los seres,<br \/><\/span><span style=\"font-weight: 400;\">La voz del fuego se oye,<br \/><\/span><span style=\"font-weight: 400;\">oye la voz del agua,<br \/><\/span><span style=\"font-weight: 400;\">Escucha en el viento<br \/><\/span><span style=\"font-weight: 400;\">Al matorral sollozando:<br \/><\/span><span style=\"font-weight: 400;\">Es el aliento de los ancestros muertos<br \/><\/span><span style=\"font-weight: 400;\">Que no se han ido,<br \/><\/span><span style=\"font-weight: 400;\">Que no est\u00e1n bajo la tierra,<br \/><\/span><span style=\"font-weight: 400;\">Que no est\u00e1n muertos<\/span><\/p>\n<p>[\/et_pb_text][\/et_pb_column][\/et_pb_row][\/et_pb_section][et_pb_section fb_built=&#8221;1&#8243; admin_label=&#8221;Popup &#8211; #malinalli&#8221; module_id=&#8221;malinalli&#8221; module_class=&#8221;popup&#8221; _builder_version=&#8221;4.18.0&#8243; _module_preset=&#8221;default&#8221; width=&#8221;29%&#8221; da_is_popup=&#8221;on&#8221; da_popup_slug=&#8221;malinalli&#8221; da_disable_devices=&#8221;off|off|off&#8221; global_colors_info=&#8221;{}&#8221; da_exit_intent=&#8221;off&#8221; da_has_close=&#8221;on&#8221; da_alt_close=&#8221;off&#8221; da_dark_close=&#8221;off&#8221; da_not_modal=&#8221;on&#8221; da_is_singular=&#8221;off&#8221; da_with_loader=&#8221;off&#8221; da_has_shadow=&#8221;on&#8221;][et_pb_row _builder_version=&#8221;4.18.0&#8243; _module_preset=&#8221;default&#8221; global_colors_info=&#8221;{}&#8221;][et_pb_column type=&#8221;4_4&#8243; _builder_version=&#8221;4.18.0&#8243; _module_preset=&#8221;default&#8221; global_colors_info=&#8221;{}&#8221;][et_pb_text _builder_version=&#8221;4.18.0&#8243; _module_preset=&#8221;default&#8221; text_font=&#8221;EB Garamond||||||||&#8221; global_colors_info=&#8221;{}&#8221;]<\/p>\n<p style=\"text-align: center;\"><b>Sol de septiembre<br \/><\/b><span style=\"font-weight: 400;\">L y M: Mar\u00eda Pien<\/span><\/p>\n<p style=\"text-align: center;\"><span style=\"font-weight: 400;\">El ruido de la ciudad<br \/><\/span><span style=\"font-weight: 400;\">me va dictando las letras,<br \/><\/span><span style=\"font-weight: 400;\">se me ensanch\u00f3 el coraz\u00f3n<br \/><\/span><span style=\"font-weight: 400;\">de primavera porte\u00f1a.<\/span><\/p>\n<p style=\"text-align: center;\"><span style=\"font-weight: 400;\">No te vayas a asustar<br \/><\/span><span style=\"font-weight: 400;\">de esta sonrisa perenne,<br \/><\/span><span style=\"font-weight: 400;\">no es solamente por vos<br \/><\/span><span style=\"font-weight: 400;\">es este sol de septiembre.<\/span><\/p>\n<p style=\"text-align: center;\"><span style=\"font-weight: 400;\">En el altillo hay un ni\u00f1o<br \/><\/span><span style=\"font-weight: 400;\">que mezcla sustancias<br \/><\/span><span style=\"font-weight: 400;\">en tubos de ensayo,<br \/><\/span><span style=\"font-weight: 400;\">\u00e9l me sopl\u00f3 la respuesta<br \/><\/span><span style=\"font-weight: 400;\">para que yo se las cuente,<br \/><\/span><span style=\"font-weight: 400;\">me dijo<br \/><\/span><i><span style=\"font-weight: 400;\">no es una ciencia,<br \/><\/span><\/i><i><span style=\"font-weight: 400;\">la qu\u00edmica es cosa de suerte<\/span><\/i><\/p>\n<p style=\"text-align: center;\"><span style=\"font-weight: 400;\">La tarde de la ciudad<br \/><\/span><span style=\"font-weight: 400;\">como un murmullo lejano<br \/><\/span><span style=\"font-weight: 400;\">me est\u00e1 invitando a cantar<br \/><\/span><span style=\"font-weight: 400;\">para sumarme a su canto.\u00a0<\/span><\/p>\n<p style=\"text-align: center;\"><span style=\"font-weight: 400;\">En el altillo hay un ni\u00f1o<br \/><\/span><span style=\"font-weight: 400;\">que mezcla sustancias<br \/><\/span><span style=\"font-weight: 400;\">en tubos de ensayo,<br \/><\/span><span style=\"font-weight: 400;\">\u00e9l me sopl\u00f3 la respuesta<br \/><\/span><span style=\"font-weight: 400;\">para que yo se las cuente,<br \/><\/span><span style=\"font-weight: 400;\">me dijo<br \/><\/span><i><span style=\"font-weight: 400;\">no es una ciencia,<br \/><\/span><\/i><i><span style=\"font-weight: 400;\">la qu\u00edmica es cosa de suerte<\/span><\/i><\/p>\n<p style=\"text-align: center;\"><b><\/b><\/p>\n<p style=\"text-align: center;\"><b>Madera y mano<br \/><\/b><span style=\"font-weight: 400;\">L y M: Mar\u00eda Pien<\/span><\/p>\n<p style=\"text-align: center;\"><span style=\"font-weight: 400;\">Madera y mano<br \/><\/span><span style=\"font-weight: 400;\">canta la tarde y la luz del sol<br \/><\/span><span style=\"font-weight: 400;\">se muere entre las cuerdas<br \/><\/span><span style=\"font-weight: 400;\">en esta parte del mundo<br \/><\/span><span style=\"font-weight: 400;\">cuento<br \/><\/span><span style=\"font-weight: 400;\">m\u00e1s<br \/><\/span><span style=\"font-weight: 400;\">dedos<br \/><\/span><span style=\"font-weight: 400;\">que<br \/><\/span><span style=\"font-weight: 400;\">estrellas<br \/><\/span><span style=\"font-weight: 400;\">sordo murmullo de las bocinas y<br \/><\/span><span style=\"font-weight: 400;\">un perro gris<br \/><\/span><span style=\"font-weight: 400;\">ladrando en 6\/8<br \/><\/span><span style=\"font-weight: 400;\">y<br \/><\/span><span style=\"font-weight: 400;\">vos<br \/><\/span><span style=\"font-weight: 400;\">durmiendo la siesta y<br \/><\/span><span style=\"font-weight: 400;\">este mate que se enfr\u00eda<\/span><\/p>\n<p style=\"text-align: center;\"><span style=\"font-weight: 400;\">Tan s\u00f3lo una manchita<br \/><\/span><span style=\"font-weight: 400;\">en un mural todo blanco<br \/><\/span><span style=\"font-weight: 400;\">no me corre m\u00e1s el tiempo<br \/><\/span><span style=\"font-weight: 400;\">nada pierdo<br \/><\/span><span style=\"font-weight: 400;\">nada gano<\/span><\/p>\n<p style=\"text-align: center;\"><span style=\"font-weight: 400;\">Tan s\u00f3lo una manchita<br \/><\/span><span style=\"font-weight: 400;\">en un mural todo blanco<br \/><\/span><span style=\"font-weight: 400;\">no hay mentiras ni verdades<br \/><\/span><span style=\"font-weight: 400;\">nada pierdo<br \/><\/span><span style=\"font-weight: 400;\">nada gano<\/span><\/p>\n<p style=\"text-align: center;\"><span style=\"font-weight: 400;\">Tan s\u00f3lo una manchita<br \/><\/span><span style=\"font-weight: 400;\">en un mural todo blanco<br \/><\/span><span style=\"font-weight: 400;\">el sentido del sentido<br \/><\/span><span style=\"font-weight: 400;\">nada pierdo<br \/><\/span><span style=\"font-weight: 400;\">nada gano<\/span><\/p>\n<p style=\"text-align: center;\"><b><\/b><\/p>\n<p style=\"text-align: center;\"><b>Le Jardin\u00a0<br \/><\/b><span style=\"font-weight: 400;\">L: poema de Jacques Pr\u00e9vert \/ M: Mar\u00eda Pien<\/span><\/p>\n<p style=\"text-align: center;\"><span style=\"font-weight: 400;\">Des milliers et des milliers d&#8217;ann\u00e9es<br \/><\/span><span style=\"font-weight: 400;\">Ne sauraient suffire<br \/><\/span><span style=\"font-weight: 400;\">Pour dire<br \/><\/span><span style=\"font-weight: 400;\">La petite seconde d&#8217;\u00e9ternit\u00e9<br \/><\/span><span style=\"font-weight: 400;\">O\u00f9 tu m&#8217;as embrass\u00e9<br \/><\/span><span style=\"font-weight: 400;\">O\u00f9 je t&#8217;ai embrass\u00e9e<br \/><\/span><span style=\"font-weight: 400;\">Un matin dans la lumi\u00e8re de l&#8217;hiver<br \/><\/span><span style=\"font-weight: 400;\">Au parc Montsouris \u00e0 Paris<br \/><\/span><span style=\"font-weight: 400;\">\u00c0 Paris<br \/><\/span><span style=\"font-weight: 400;\">Sur la terre<br \/><\/span><span style=\"font-weight: 400;\">La terre qui est un astre.<\/span><\/p>\n<p style=\"text-align: center;\"><b><\/b><\/p>\n<p style=\"text-align: center;\"><b>Los hermanos<br \/><\/b><span style=\"font-weight: 400;\">L: versi\u00f3n libre de la 17ma sextina de <\/span><i><span style=\"font-weight: 400;\">La Vuelta de Mart\u00edn Fierro<\/span><\/i><span style=\"font-weight: 400;\">\/ M: Mar\u00eda Pien<\/span><\/p>\n<p style=\"text-align: center;\"><span style=\"font-weight: 400;\">los hermanos sean unidos<br \/><\/span><span style=\"font-weight: 400;\">porque esa es la ley primera<br \/><\/span><span style=\"font-weight: 400;\">tengan <\/span><span style=\"font-weight: 400;\">uni\u00f3n<\/span><span style=\"font-weight: 400;\"> verdadera<br \/><\/span><span style=\"font-weight: 400;\">en cualquier tiempo que sea<br \/><\/span><span style=\"font-weight: 400;\">porque si entre ellos pelean<br \/><\/span><span style=\"font-weight: 400;\">porque si entre ellos pelean<br \/><\/span><span style=\"font-weight: 400;\">los devorar\u00e1n<br \/><\/span><span style=\"font-weight: 400;\">los devorar\u00e1n<br \/><\/span><span style=\"font-weight: 400;\">los devorar\u00e1n<br \/><\/span><span style=\"font-weight: 400;\">los de <\/span> <span style=\"font-weight: 400;\">afuera<br \/><\/span><span style=\"font-weight: 400;\">afuera<br \/><\/span><span style=\"font-weight: 400;\">que sea<br \/><\/span><span style=\"font-weight: 400;\">verdadera<\/span><span style=\"font-weight: 400;\"><br \/><\/span><span style=\"font-weight: 400;\">seamos hermanos hermano<br \/><\/span><span style=\"font-weight: 400;\">seamos hermanos hermano<br \/><\/span><span style=\"font-weight: 400;\">seamos hermanos hermano<\/span><\/p>\n<p style=\"text-align: center;\"><b><\/b><\/p>\n<p style=\"text-align: center;\"><b>Una palabra<br \/><\/b><span style=\"font-weight: 400;\">L y M: Mar\u00eda Pien<\/span><\/p>\n<p style=\"text-align: center;\"><span style=\"font-weight: 400;\">Una palabra bast\u00f3<br \/><\/span><span style=\"font-weight: 400;\">para traerte hasta aqu\u00ed,<br \/><\/span><span style=\"font-weight: 400;\">como si la distancia fuera cuento<br \/><\/span><span style=\"font-weight: 400;\">ya est\u00e1s a mi lado.<\/span><\/p>\n<p style=\"text-align: center;\"><span style=\"font-weight: 400;\">El invierno ya pas\u00f3<br \/><\/span><span style=\"font-weight: 400;\">sin ni siquiera empezar,<br \/><\/span><span style=\"font-weight: 400;\">como si tu presencia fuera primaveral<br \/><\/span><span style=\"font-weight: 400;\">a mi lado.<\/span><\/p>\n<p style=\"text-align: center;\"><span style=\"font-weight: 400;\">No tengo m\u00e1s que decir<br \/><\/span><span style=\"font-weight: 400;\">no tengo m\u00e1s<br \/><\/span><span style=\"font-weight: 400;\">que callar,<br \/><\/span><span style=\"font-weight: 400;\">despu\u00e9s de tanto esperar<br \/><\/span><span style=\"font-weight: 400;\">s\u00f3lo quiero quedarme<br \/><\/span><span style=\"font-weight: 400;\">a tu lado.\u00a0<\/span><\/p>\n<p style=\"text-align: center;\"><b><\/b><\/p>\n<p style=\"text-align: center;\"><b>Malinalli<br \/><\/b><span style=\"font-weight: 400;\">L y M: Mar\u00eda Pien<\/span><\/p>\n<p style=\"text-align: center;\"><span style=\"font-weight: 400;\">En este instante<br \/><\/span><span style=\"font-weight: 400;\">a cada rato<br \/><\/span><span style=\"font-weight: 400;\">mientras escribo<br \/><\/span><span style=\"font-weight: 400;\">mientras te canto<br \/><\/span><span style=\"font-weight: 400;\">est\u00e1n naciendo<br \/><\/span><span style=\"font-weight: 400;\">cientos de vidas<br \/><\/span><span style=\"font-weight: 400;\">alrededor<br \/><\/span><span style=\"font-weight: 400;\">al mismo tiempo<br \/><\/span><span style=\"font-weight: 400;\">del mismo modo<br \/><\/span><span style=\"font-weight: 400;\">como bailando<br \/><\/span><span style=\"font-weight: 400;\">al comp\u00e1s del coro<br \/><\/span><span style=\"font-weight: 400;\">de las valkirias<br \/><\/span><span style=\"font-weight: 400;\">vamos de a poco<br \/><\/span><span style=\"font-weight: 400;\">muri\u00e9ndonos<br \/><\/span><i><span style=\"font-weight: 400;\">y cuando las luces se encienden<br \/><\/span><\/i><i><span style=\"font-weight: 400;\">la luna se acuesta a dormir<br \/><\/span><\/i><span style=\"font-weight: 400;\">sabe que al cabo de todo un d\u00eda<br \/><\/span><span style=\"font-weight: 400;\">\u00a0\u00a0\u00a0<\/span> <span style=\"font-weight: 400;\">se\u00f1ora muerte<br \/><\/span><span style=\"font-weight: 400;\">se\u00f1ora vida<br \/><\/span><span style=\"font-weight: 400;\">cae la noche y su cara antigua<br \/><\/span><span style=\"font-weight: 400;\">vuelve a salir<br \/><\/span><i><span style=\"font-weight: 400;\">y cuando se apaga la hoguera<br \/><\/span><\/i><i><span style=\"font-weight: 400;\">las brujas se van a dormir<br \/><\/span><\/i><span style=\"font-weight: 400;\">porque ma\u00f1ana<br \/><\/span><span style=\"font-weight: 400;\">cuando despierten<br \/><\/span><span style=\"font-weight: 400;\">se\u00f1ora vida<br \/><\/span><span style=\"font-weight: 400;\">se\u00f1ora muerte<br \/><\/span><span style=\"font-weight: 400;\">en las cenizas creciendo un brote<br \/><\/span><span style=\"font-weight: 400;\">ver\u00e1 la sombra de un ave-hombre<br \/><\/span><span style=\"font-weight: 400;\">se va volando<br \/><\/span><span style=\"font-weight: 400;\">como bailando<br \/><\/span><span style=\"font-weight: 400;\">al comp\u00e1s de dios<\/span><\/p>\n<p style=\"text-align: center;\"><b><\/b><\/p>\n<p style=\"text-align: center;\"><b>El muerto en la heladera<br \/><\/b><span style=\"font-weight: 400;\">L y M: Mar\u00eda Pien<\/span><\/p>\n<p style=\"text-align: center;\"><span style=\"font-weight: 400;\">El muerto en la heladera<br \/><\/span><span style=\"font-weight: 400;\">me pide que lo saque a pasear<br \/><\/span><span style=\"font-weight: 400;\">le pongo unas zapatillas<br \/><\/span><span style=\"font-weight: 400;\">y flores blancas en el ojal<br \/><\/span><span style=\"font-weight: 400;\">damos un par de vueltas<br \/><\/span><span style=\"font-weight: 400;\">en patineta por la ciudad<br \/><\/span><span style=\"font-weight: 400;\">noche de Salamanca<br \/><\/span><span style=\"font-weight: 400;\">noche m\u00e1s negra que el alquitr\u00e1n<br \/><\/span><span style=\"font-weight: 400;\">el esqueleto inquieto<br \/><\/span><span style=\"font-weight: 400;\">charla que charla y su coraz\u00f3n<br \/><\/span><span style=\"font-weight: 400;\">de pa\u00f1olenci rojo<br \/><\/span><span style=\"font-weight: 400;\">dando saltitos como un tambor<br \/><\/span><span style=\"font-weight: 400;\">sus ojos huecos saben mirar<br \/><\/span><span style=\"font-weight: 400;\">el fondo de la cuesti\u00f3n<br \/><\/span><span style=\"font-weight: 400;\">dice que en la heladera se aburre un poco<br \/><\/span><span style=\"font-weight: 400;\">pero es mejor<br \/><\/span><span style=\"font-weight: 400;\">muerto<br \/><\/span><span style=\"font-weight: 400;\">entre las manzanas<br \/><\/span><span style=\"font-weight: 400;\">que vivo<br \/><\/span><span style=\"font-weight: 400;\">y muerto sin saberlo<\/span><\/p>\n<p style=\"text-align: center;\"><b><\/b><\/p>\n<p style=\"text-align: center;\"><b>Bachicha<br \/><\/b><span style=\"font-weight: 400;\">L y M: Mar\u00eda Pien<\/span><\/p>\n<p style=\"text-align: center;\"><span style=\"font-weight: 400;\">Bachicha sentada en la escalera\/ se muerde las puntas de los dedos\/ se sienta\/ la horas se le escapan\/ las manos peque\u00f1as como un cuento\/ se muerde las puntas de los dedos\/ las horas se sienta y se le escapan\/ peque\u00f1as las manos\/ como un cuento que apoya solemne en su regazo\/ se sienta\/ se escapa en la escalera\/ volando las manos\/ como un cuento solemne\/ que avanza en su regazo\/ de pronto la lleva\u00a0<\/span><\/p>\n<p style=\"text-align: center;\"><span style=\"font-weight: 400;\">la corriente\/ las manos no atinan a aferrarse\/ se sueltan las puntas de los dedos\/ sonr\u00ede\/ las horas se le escapan\/ Bachicha sentada en la escalera\/<\/span><\/p>\n<p style=\"text-align: center;\"><b><\/b><\/p>\n<p style=\"text-align: center;\"><b>El sapo<br \/><\/b><span style=\"font-weight: 400;\">L y M: Mar\u00eda Pien<\/span><\/p>\n<p style=\"text-align: center;\"><span style=\"font-weight: 400;\">algo se vac\u00eda<br \/><\/span><span style=\"font-weight: 400;\">la carga ya no pesa<br \/><\/span><span style=\"font-weight: 400;\">afloj\u00e9 la cincha<br \/><\/span><span style=\"font-weight: 400;\">y solt\u00e9 las riendas<br \/><\/span><span style=\"font-weight: 400;\">el pasto me recibe<br \/><\/span><span style=\"font-weight: 400;\">mmm reci\u00e9n cortado<br \/><\/span><span style=\"font-weight: 400;\">en c\u00e1mara lenta<br \/><\/span><span style=\"font-weight: 400;\">se me acerca un sapo<br \/><\/span><span style=\"font-weight: 400;\">saca la lengua<br \/><\/span><span style=\"font-weight: 400;\">come bichitos<br \/><\/span><span style=\"font-weight: 400;\">cae de un salto<br \/><\/span><span style=\"font-weight: 400;\">sobre mi pecho<br \/><\/span><span style=\"font-weight: 400;\">me dice cosas<br \/><\/span><span style=\"font-weight: 400;\">que no me explico<br \/><\/span><i><span style=\"font-weight: 400;\">baila conmigo<br \/><\/span><\/i><i><span style=\"font-weight: 400;\">mientras me muero<br \/><\/span><\/i><span style=\"font-weight: 400;\">en un parpadeo<br \/><\/span><span style=\"font-weight: 400;\">lo tengo en la boca<br \/><\/span><span style=\"font-weight: 400;\">bailando en mi barriga<br \/><\/span><span style=\"font-weight: 400;\">se menea y rebota<br \/><\/span><span style=\"font-weight: 400;\">entonces comprendo<br \/><\/span><span style=\"font-weight: 400;\">tengo que moverme<br \/><\/span><span style=\"font-weight: 400;\">pronto me levanto<br \/><\/span><span style=\"font-weight: 400;\">a bailar con la muerte<br \/><\/span><span style=\"font-weight: 400;\">lo que me amarra<br \/><\/span><span style=\"font-weight: 400;\">lo que me pesa<br \/><\/span><span style=\"font-weight: 400;\">lo que me atrasa<br \/><\/span><span style=\"font-weight: 400;\">lo que me estresa<br \/><\/span><span style=\"font-weight: 400;\">lo que lastima a los que m\u00e1s quiero<br \/><\/span><span style=\"font-weight: 400;\">lo que no trago<br \/><\/span><span style=\"font-weight: 400;\">lo que no puedo<br \/><\/span><span style=\"font-weight: 400;\">todo me sirve<\/span><span style=\"font-weight: 400;\"><br \/><\/span><span style=\"font-weight: 400;\">oigo que canta<br \/><\/span><span style=\"font-weight: 400;\">fuerte a los gritos<br \/><\/span><span style=\"font-weight: 400;\">desde mi panza<br \/><\/span><i><span style=\"font-weight: 400;\">no lo descartes<br \/><\/span><\/i><i><span style=\"font-weight: 400;\">no lo reprimas<br \/><\/span><\/i><i><span style=\"font-weight: 400;\">deja que muera<br \/><\/span><\/i><i><span style=\"font-weight: 400;\">deja que viva<\/span><\/i><\/p>\n<p>[\/et_pb_text][\/et_pb_column][\/et_pb_row][\/et_pb_section][et_pb_section fb_built=&#8221;1&#8243; admin_label=&#8221;Popup &#8211; #unminuto&#8221; module_id=&#8221;unminuto&#8221; module_class=&#8221;popup&#8221; _builder_version=&#8221;4.18.0&#8243; _module_preset=&#8221;default&#8221; width=&#8221;29%&#8221; da_is_popup=&#8221;on&#8221; da_popup_slug=&#8221;unminuto&#8221; da_disable_devices=&#8221;off|off|off&#8221; global_colors_info=&#8221;{}&#8221; da_exit_intent=&#8221;off&#8221; da_has_close=&#8221;on&#8221; da_alt_close=&#8221;off&#8221; da_dark_close=&#8221;off&#8221; da_not_modal=&#8221;on&#8221; da_is_singular=&#8221;off&#8221; da_with_loader=&#8221;off&#8221; da_has_shadow=&#8221;on&#8221;][et_pb_row _builder_version=&#8221;4.18.0&#8243; _module_preset=&#8221;default&#8221; global_colors_info=&#8221;{}&#8221;][et_pb_column type=&#8221;4_4&#8243; _builder_version=&#8221;4.18.0&#8243; _module_preset=&#8221;default&#8221; global_colors_info=&#8221;{}&#8221;][et_pb_text _builder_version=&#8221;4.18.0&#8243; _module_preset=&#8221;default&#8221; text_font=&#8221;EB Garamond||||||||&#8221; global_colors_info=&#8221;{}&#8221;]<\/p>\n<p style=\"text-align: center;\"><strong>Un minuto<br \/><\/strong>L y M: Mar\u00eda Pien<\/p>\n<p style=\"text-align: center;\">Vamos a imaginar<br \/>Que te fuiste a un lugar<br \/>Donde los d\u00edas suaves no pesan nada<br \/>Una fotograf\u00eda de tu mirada,<br \/>Un minuto de yapa para abrazarte<\/p>\n<p style=\"text-align: center;\">Vamos a ir a jugar,<br \/>Nadie se va a enojar,<br \/>No vamos a pelear por estupideces,<br \/>Cuento detr\u00e1s de un \u00e1rbol a la escondida,<br \/>Vos me fotografiabas a mis espaldas,<br \/>Un minuto de yapa para encontrarte<\/p>\n<p style=\"text-align: center;\">Vamos a imaginar<br \/>Que fuiste a caminar<br \/>La roca fr\u00eda y sabia de una monta\u00f1a<\/p>\n<p>[\/et_pb_text][\/et_pb_column][\/et_pb_row][\/et_pb_section]<\/p>\n","protected":false},"excerpt":{"rendered":"<p>Otro Vals Segundo adelanto de Recordar\/Volver a pasarUn minuto Primer adelanto de Recordar\/Volver a pasarUna Pel\u00edcula (EP, 2020) Una breve exploraci\u00f3n en torno a lo visible y lo no-visible, a nivel personal (por ejemplo en la dificultad de vincularnos desde nuestros espacios no-mirados) y colectivo (por ejemplo en cuanto a las urgencias que en este [&hellip;]<\/p>\n","protected":false},"author":1,"featured_media":0,"parent":0,"menu_order":0,"comment_status":"closed","ping_status":"closed","template":"","meta":{"_et_pb_use_builder":"on","_et_pb_old_content":"","_et_gb_content_width":""},"_links":{"self":[{"href":"https:\/\/mariapien.com.ar\/index.php\/wp-json\/wp\/v2\/pages\/237"}],"collection":[{"href":"https:\/\/mariapien.com.ar\/index.php\/wp-json\/wp\/v2\/pages"}],"about":[{"href":"https:\/\/mariapien.com.ar\/index.php\/wp-json\/wp\/v2\/types\/page"}],"author":[{"embeddable":true,"href":"https:\/\/mariapien.com.ar\/index.php\/wp-json\/wp\/v2\/users\/1"}],"replies":[{"embeddable":true,"href":"https:\/\/mariapien.com.ar\/index.php\/wp-json\/wp\/v2\/comments?post=237"}],"version-history":[{"count":15,"href":"https:\/\/mariapien.com.ar\/index.php\/wp-json\/wp\/v2\/pages\/237\/revisions"}],"predecessor-version":[{"id":348,"href":"https:\/\/mariapien.com.ar\/index.php\/wp-json\/wp\/v2\/pages\/237\/revisions\/348"}],"wp:attachment":[{"href":"https:\/\/mariapien.com.ar\/index.php\/wp-json\/wp\/v2\/media?parent=237"}],"curies":[{"name":"wp","href":"https:\/\/api.w.org\/{rel}","templated":true}]}}